{"id":1879,"date":"2019-09-24T19:36:54","date_gmt":"2019-09-24T22:36:54","guid":{"rendered":"https:\/\/isfdyt43-bue.infd.edu.ar\/sitio\/?page_id=1879"},"modified":"2026-02-13T11:37:57","modified_gmt":"2026-02-13T14:37:57","slug":"carreras-2026","status":"publish","type":"page","link":"https:\/\/isfdyt43-bue.infd.edu.ar\/sitio\/carreras-2026\/","title":{"rendered":"CARRERAS 2026"},"content":{"rendered":"<h3><\/h3>\n<h4><img decoding=\"async\" loading=\"lazy\" class=\"alignnone size-medium wp-image-4467\" src=\"https:\/\/isfdyt43-bue.infd.edu.ar\/sitio\/wp-content\/uploads\/2025\/10\/Banners-Inscripcion-2026-1000x347.jpg\" alt=\"\" width=\"1000\" height=\"347\" srcset=\"https:\/\/isfdyt43-bue.infd.edu.ar\/sitio\/wp-content\/uploads\/2025\/10\/Banners-Inscripcion-2026-1000x347.jpg 1000w, https:\/\/isfdyt43-bue.infd.edu.ar\/sitio\/wp-content\/uploads\/2025\/10\/Banners-Inscripcion-2026-768x266.jpg 768w, https:\/\/isfdyt43-bue.infd.edu.ar\/sitio\/wp-content\/uploads\/2025\/10\/Banners-Inscripcion-2026.jpg 1292w\" sizes=\"(max-width: 1000px) 100vw, 1000px\" \/><\/h4>\n<hr \/>\n<h4 style=\"text-align: center;\"><strong>INFORMACI\u00d3N PARA INGRESANTES A 1\u00b0 A\u00d1O &#8211; CICLO LECTIVO 2026<\/strong><\/h4>\n<h1 style=\"text-align: center;\"><strong>\u00bfQuer\u00e9s estudiar en el ISFDyT N\u00b0 43 en 2026?<\/strong><\/h1>\n<h5 style=\"text-align: center;\"><span style=\"color: #ff0000;\"><strong>Leer atentamente toda la informaci\u00f3n contenida en esta p\u00e1gina hasta el final.<\/strong><\/span><\/h5>\n<h4 style=\"text-align: center;\"><span style=\"color: #ff0000;\"><strong>&#8211; CARRERAS APROBADAS POR LA D.E.S. DISPOSICI\u00d3N 2025-72-GDEBA &#8211;<\/strong><\/span><\/h4>\n<h4 style=\"text-align: center;\"><span style=\"color: #ff0000;\"><strong><span style=\"color: #000000;\">MODALIDAD DE CURSADA:<\/span> PRESENCIAL<\/strong><\/span><\/h4>\n<ul>\n<li>Profesorado de Educaci\u00f3n F\u00edsica (Turno Ma\u00f1ana) \u2013 Res. N\u00b0 <a href=\"https:\/\/isfdyt43-bue.infd.edu.ar\/sitio\/profesorado-de-educacion-fisica\/upload\/rprofesorado_educ_fisica_pcia_bs_as.pdf\" target=\"_blank\" rel=\"noopener\">2432\/09<\/a> +<a href=\"https:\/\/isfdyt43-bue.infd.edu.ar\/sitio\/profesorado-de-educacion-fisica\/\" target=\"_blank\" rel=\"noopener\"><strong>Info\u00a0<\/strong><\/a><\/li>\n<li>Profesorado de Ingl\u00e9s (Turno Vespertino) \u2013 Res. N\u00b0 <a href=\"https:\/\/isfdyt43-bue.infd.edu.ar\/sitio\/wp-content\/uploads\/2018\/10\/Nuevo-Plan-de-Estudios-Ingles-2017.pdf\" target=\"_blank\" rel=\"noopener\">1860\/17<\/a> +<strong><a href=\"https:\/\/isfdyt43-bue.infd.edu.ar\/sitio\/profesorado-de-ingles\/\" target=\"_blank\" rel=\"noopener\">Info<\/a><\/strong><\/li>\n<li>Profesorado de Educaci\u00f3n Secundaria en Biolog\u00eda (Turno Vespertino) \u2013 Res. N\u00b0 <a href=\"https:\/\/abc.gob.ar\/secretarias\/sites\/default\/files\/2023-02\/IF-2022-40270491-GDEBA-SSEDGCYE%20Y%20BIOLOG%C3%8DA_compressed.pdf\" target=\"_blank\" rel=\"noopener\">3605\/22<\/a> +<a href=\"https:\/\/isfdyt43-bue.infd.edu.ar\/sitio\/profesorado-de-biologia\/\" target=\"_blank\" rel=\"noopener\"><strong>Info<\/strong><\/a><\/li>\n<li>Profesorado de Educaci\u00f3n Secundaria en Historia (Turno Ma\u00f1ana) \u2013 Res. N\u00b0 <a href=\"https:\/\/abc.gob.ar\/secretarias\/sites\/default\/files\/2023-02\/IF-2022-40273352-GDEBA-SSEDGCYE%20HISTORIA_compressed.pdf\" target=\"_blank\" rel=\"noopener\">3609\/22<\/a> +<a href=\"https:\/\/isfdyt43-bue.infd.edu.ar\/sitio\/profesorado-de-historia\/\" target=\"_blank\" rel=\"noopener\"><strong>Info<\/strong><\/a><\/li>\n<li>Profesorado de Educaci\u00f3n Secundaria en Geograf\u00eda (Turno Vespertino) \u2013 Res. N\u00b0 <a href=\"https:\/\/abc.gob.ar\/secretarias\/sites\/default\/files\/2023-02\/IF-2022-40272975-GDEBA-SSEDGCYE%20Y%20GEOGRAF%C3%8DA_compressed.pdf\" target=\"_blank\" rel=\"noopener\">3608\/22<\/a> +<a href=\"https:\/\/isfdyt43-bue.infd.edu.ar\/sitio\/profesorado-de-geografia\/\" target=\"_blank\" rel=\"noopener\"><strong>Info<\/strong><\/a><\/li>\n<li>Tecnicatura Sup. en Desarrollo de Software (Turno Vespertino) \u2013 Res. N\u00b0 <a href=\"https:\/\/abc.gob.ar\/secretarias\/sites\/default\/files\/2021-06\/TS%20en%20Desarrollo%20de%20Software%20%20-%20Res.%205847_19%20-%20Anexo%20I.pdf\" target=\"_blank\" rel=\"noopener\">5847\/19<\/a>\u00a0+<a href=\"https:\/\/isfdyt43-bue.infd.edu.ar\/sitio\/tecnicatura-sup-en-desarrollo-de-software\/\" target=\"_blank\" rel=\"noopener\"><strong>Info<\/strong><\/a><\/li>\n<li>Tecnicatura Sup. en Laboratorio de An\u00e1lisis Cl\u00ednicos (Turno Vespertino) \u2013 Res. N\u00b0 <a href=\"https:\/\/isfdyt43-bue.infd.edu.ar\/sitio\/wp-content\/uploads\/2019\/12\/Analisis-cl%C3%ADnicos-205-18-Anexo.pdf\" target=\"_blank\" rel=\"noopener\">205\/18<\/a> +<a href=\"https:\/\/isfdyt43-bue.infd.edu.ar\/sitio\/tecnicatura-en-analisis-clinicos\/\" target=\"_blank\" rel=\"noopener\"><strong>Info<\/strong><\/a><\/li>\n<li>Tecnicatura Sup. en Acompa\u00f1amiento Terap\u00e9utico (Turno Vespertino) \u2013 Res. N\u00b0 <a href=\"http:\/\/servicios.abc.gov.ar\/lainstitucion\/organismos\/consejogeneral\/tecnicatura\/res\/1221-15-acompaniamiento-terapeutico.pdf\" target=\"_blank\" rel=\"noopener\">1221\/15<\/a> +<a href=\"https:\/\/isfdyt43-bue.infd.edu.ar\/sitio\/tecnicatura-superior-en-acompanante-terapeutico\/\" target=\"_blank\" rel=\"noopener\"><strong>Info<\/strong><\/a><\/li>\n<\/ul>\n<hr \/>\n<h5>Estimada\/o ingresante 2026:<br \/>\nA partir del d\u00eda de la fecha, <span style=\"color: #ff0000;\">19 de diciembre de 2025<\/span>, la continuidad de <span style=\"color: #ff0000;\">la inscripci\u00f3n<\/span> (matriculaci\u00f3n) <span style=\"color: #ff0000;\">a<\/span> <span style=\"color: #ff0000;\">la Carrera<\/span> <span style=\"color: #ff0000;\">Profesorado de Educaci\u00f3n F\u00edsica queda suspendida<\/span>, ya que se ha superado cantidad de aspirantes a ingresar a la carrera en 2026.<br \/>\n<span style=\"color: #ff0000;\">Las y los que se inscriban<\/span> a partir de este momento, <span style=\"color: #ff0000;\">ser\u00e1n incluidos en un Listado de Espera<\/span>.<br \/>\nSi alguna inscripci\u00f3n no se completara, se utilizar\u00e1 el Listado de Espera <span style=\"color: #ff0000;\">y nos comunicaremos con quienes queden en ese listado.<\/span><\/h5>\n<hr \/>\n<h4 style=\"text-align: center;\"><strong>\u00bfYa decidiste que quer\u00e9s estudiar en nuestro Instituto Superior?<\/strong><\/h4>\n<h4 style=\"text-align: center;\"><span style=\"color: #ff0000;\"><strong>La inscripci\u00f3n (matriculaci\u00f3n) a las carreras se realizar\u00e1 en dos pasos\/momentos:<\/strong><\/span><\/h4>\n<h2 style=\"text-align: center;\">1\u00b0 Paso:<\/h2>\n<h2 style=\"text-align: center;\"><span style=\"color: #ff0000;\"><strong>PRE-INSCRIPCI\u00d3N A PARTIR DE 25\/11\/25 <\/strong><\/span><span style=\"color: #ff0000;\"><strong>HASTA EL 06\/03\/26<\/strong><\/span><\/h2>\n<h4 style=\"text-align: center;\"><strong><span style=\"color: #000000;\">\u00a0<a href=\"https:\/\/docs.google.com\/forms\/d\/e\/1FAIpQLScJR922rxWa77zp3SVBwbve4RDiyxdW4ogDjpgp44t55lg3wA\/viewform?usp=dialog\" target=\"_blank\" rel=\"noopener\">Completar Pre-Inscripci\u00f3n Institucional Online OBLIGATORIA<\/a><\/span><\/strong><\/h4>\n<h5 style=\"text-align: center;\">-Ir preparando la Documentaci\u00f3n que deber\u00e1 presentarse a partir del 01 de Diciembre de 2025, la cual figura en el 2\u00ba paso.<\/h5>\n<hr \/>\n<h2 style=\"text-align: center;\"><strong>2\u00b0 Paso:<\/strong><\/h2>\n<h3 style=\"text-align: center;\"><span style=\"color: #ff0000;\"><strong>CONFIRMACI\u00d3N DE LA INSCRIPCI\u00d3N PARA EL INGRESO EN 2026: <\/strong><\/span><\/h3>\n<h4 style=\"text-align: center;\"><span style=\"color: #ff0000;\"><strong>ENTREGA PRESENCIAL DE DOCUMENTACI\u00d3N: <\/strong><\/span><\/h4>\n<h4 style=\"text-align: center;\"><span style=\"color: #ff0000;\"><strong>DESPU\u00c9S DEL 01\/12\/2025 <b>Y ANTES DEL 06<\/b><b>\/03\/2026.<\/b><\/strong><\/span><\/h4>\n<h5>\u00bfQU\u00c9 DOCUMENTACI\u00d3N NECESITAS?<\/h5>\n<ol>\n<li><a href=\"https:\/\/drive.google.com\/file\/d\/1vLAP68I2AWc_4Eoq7SD8TGHW8hkhIFbR\/view?usp=sharing\" target=\"_blank\" rel=\"noopener\"><strong>Ficha de Inscripci\u00f3n <\/strong><\/a>&lt;&#8212; <strong>(Haga clic aqu\u00ed para descargar, imprimir y completar)<\/strong><\/li>\n<li><strong>D.N.I.:<\/strong> 1 (Una) Imagen de frente y dorso.<\/li>\n<li><strong><strong>T\u00edtulo Secundario o constancia de t\u00edtulo en tr\u00e1mite o constancia de finalizaci\u00f3n de cursada. (<\/strong><\/strong>Una fotocopia del t\u00edtulo anal\u00edtico o una constancia de titulo en tr\u00e1mite o de finalizaci\u00f3n de cursada en original.)<\/li>\n<li><strong><strong>Foto Carnet: <\/strong><\/strong>Tres fotos carnet para que se pueda armar el legajo.<\/li>\n<li><strong>Anexo 7:<\/strong> <span id=\"docs-title-input-label-inner\" class=\"docs-title-input-label-inner\"><a href=\"https:\/\/docs.google.com\/document\/d\/11q_-iIzvcgtln0AtF8YNAnc5Tq_881Ao\/edit?usp=sharing&amp;ouid=112542883677680664144&amp;rtpof=true&amp;sd=true\" target=\"_blank\" rel=\"noopener\">Declaraci\u00f3n Jurada de Mayores para Salidas Educativas<\/a> <strong>(Descargar, imprimir, completar)<\/strong><\/span><\/li>\n<li><strong>Ficha M\u00e9dica. <span style=\"color: #ff0000;\">SOLO PARA LA CARRERA EDUCACI\u00d3N F\u00cdSICA<\/span>\u00a0(Descargar, imprimir, completar y PEGAR LA FOTO)<br \/>\n<\/strong><\/li>\n<\/ol>\n<ul>\n<li style=\"text-align: left;\"><a href=\"https:\/\/drive.google.com\/file\/d\/1GLVV5BLvmrhTLqzv4z-6bCfzpZodZVmA\/view?usp=sharing\" target=\"_blank\" rel=\"noopener\"><strong>Ficha Medica para Educaci\u00f3n F\u00edsica<\/strong><\/a><strong>.<\/strong> (<strong><span style=\"color: #ff0000;\">LA MISMA DEBE COMPLETARSE EN EL A\u00d1O 2026, NO SE ACEPTARAN FICHAS CON A\u00d1O 2025<\/span>) <\/strong><\/li>\n<\/ul>\n<h3 style=\"text-align: center;\"><span style=\"color: #ff0000;\"><strong><u>LA DOCUMENTACI\u00d3N DEBE SER ENTREGADA DE MANERA PRESENCIAL EN FOLIO OFICIO TRANSPARENTE<\/u><\/strong><\/span><\/h3>\n<h5><strong><u>\u00bfCU\u00c1NDO TENGO QUE LLEVAR TODO PARA CONFIRMAR MI INSCRIPCI\u00d3N?\u00a0<\/u><\/strong><\/h5>\n<h5><strong>A partir del <span style=\"color: #ff0000;\">01 de diciembre 2025 y hasta el 06 de Marzo de 2026<\/span>, <\/strong><strong><u>De lunes a viernes de 09:00 a 12:00 Ed. F\u00edsica e Historia y de 18:30 a 21:00 horas el resto de las carreras.<\/u><\/strong><\/h5>\n<h4><span style=\"color: #ff0000;\"><strong><u>RECORD\u00c1:<\/u><\/strong><\/span><\/h4>\n<h5><strong>&#8211;<span style=\"color: #ff0000;\">A partir del 01 de Diciembre 2025<\/span>\u00a0todo estudiante debe confirmar su INSCRIPCI\u00d3N A LA CARRERA ELEGIDA de manera presencial en el Instituto Superior, <span style=\"color: #ff0000;\">la Documentaci\u00f3n se recepcionar\u00e1 en el Turno de la Carrera Elegida<\/span>. (Santamarina N\u00ba183)<\/strong><\/h5>\n<h5><strong>-En el momento de entrega de la documentaci\u00f3n, se llevar\u00e1 adelante el pag\u00f3 anual de LA ASOCIACI\u00d3N COOPERADORA TIENE UNA CUOTA ANUAL DE COLABORACI\u00d3N.<br \/>\n<\/strong><\/h5>\n<h5><span style=\"color: #ff0000;\"><strong>MONTO ANUAL A PAGAR: $30.000 (En un solo pago)<\/strong><\/span><\/h5>\n<p>TRANSFERENCIA A: ASOC COOP INST SUP NRO 43<br \/>\nCuenta N\u00b0: 4829\/9 Banco Provincia<br \/>\n<strong>CBU<\/strong>: 0140359401706700482997<br \/>\n<strong>ALIAS<\/strong>: COOP.INSTITUTO.43<\/p>\n<p>LA ASOCIACI\u00d3N COOPERADORA ACEPTA <strong>*TRANSFERENCIAS O EL ABONO EN LA INSTITUCI\u00d3N<\/strong>.<\/p>\n<p><strong><span style=\"color: #ff0000;\">*En caso de transferencia<\/span>, por favor enviar imagen del comprobante al correo electr\u00f3nico de cooperadora is43.cooperadora@gmail.com<\/strong> \u00a0<span style=\"color: #ff0000;\"><strong>y presentar el mismo junto con la documentaci\u00f3n de inscripci\u00f3n.<\/strong><\/span><\/p>\n<hr \/>\n<h4><span style=\"color: #ff0000;\"><strong>CONSULTAS:<\/strong><\/span><\/h4>\n<p>Si tiene\u00a0 consultas sobre tu inscripci\u00f3n o la carrera de tu inter\u00e9s, puedes acercarte a la instituci\u00f3n o contactar al preceptor de la carrera en el turno de la misma.<\/p>\n<ul>\n<li><strong>Turno Ma\u00f1ana de 9 a 12hs<\/strong><\/li>\n<li><strong>Turno Vespertino de 18 a 21hs.<\/strong><\/li>\n<\/ul>\n<p><strong>Datos de contacto:<\/strong> <a href=\"https:\/\/isfdyt43-bue.infd.edu.ar\/sitio\/datos\/\" target=\"_blank\" rel=\"noopener\">https:\/\/isfdyt43-bue.infd.edu.ar\/sitio\/datos\/<\/a><\/p>\n<p>.<\/p>\n","protected":false},"excerpt":{"rendered":"<p>INFORMACI\u00d3N PARA INGRESANTES A 1\u00b0 A\u00d1O &#8211; CICLO LECTIVO 2026 \u00bfQuer\u00e9s estudiar en el ISFDyT N\u00b0 43 en 2026? Leer atentamente toda la informaci\u00f3n contenida en esta p\u00e1gina hasta el final. &#8211; CARRERAS APROBADAS POR LA D.E.S. DISPOSICI\u00d3N 2025-72-GDEBA &#8211; MODALIDAD DE CURSADA: PRESENCIAL Profesorado de Educaci\u00f3n F\u00edsica (Turno Ma\u00f1ana) \u2013 Res. N\u00b0 2432\/09 +Info\u00a0 &#8230; <a title=\"CARRERAS 2026\" class=\"read-more\" href=\"https:\/\/isfdyt43-bue.infd.edu.ar\/sitio\/carreras-2026\/\" aria-label=\"More on CARRERAS 2026\">[+]<\/a><\/p>\n","protected":false},"author":65,"featured_media":0,"parent":0,"menu_order":0,"comment_status":"closed","ping_status":"closed","template":"","meta":[],"acf":[],"_links":{"self":[{"href":"https:\/\/isfdyt43-bue.infd.edu.ar\/sitio\/wp-json\/wp\/v2\/pages\/1879"}],"collection":[{"href":"https:\/\/isfdyt43-bue.infd.edu.ar\/sitio\/wp-json\/wp\/v2\/pages"}],"about":[{"href":"https:\/\/isfdyt43-bue.infd.edu.ar\/sitio\/wp-json\/wp\/v2\/types\/page"}],"author":[{"embeddable":true,"href":"https:\/\/isfdyt43-bue.infd.edu.ar\/sitio\/wp-json\/wp\/v2\/users\/65"}],"replies":[{"embeddable":true,"href":"https:\/\/isfdyt43-bue.infd.edu.ar\/sitio\/wp-json\/wp\/v2\/comments?post=1879"}],"version-history":[{"count":320,"href":"https:\/\/isfdyt43-bue.infd.edu.ar\/sitio\/wp-json\/wp\/v2\/pages\/1879\/revisions"}],"predecessor-version":[{"id":4669,"href":"https:\/\/isfdyt43-bue.infd.edu.ar\/sitio\/wp-json\/wp\/v2\/pages\/1879\/revisions\/4669"}],"wp:attachment":[{"href":"https:\/\/isfdyt43-bue.infd.edu.ar\/sitio\/wp-json\/wp\/v2\/media?parent=1879"}],"curies":[{"name":"wp","href":"https:\/\/api.w.org\/{rel}","templated":true}]}}