{"id":2786,"date":"2022-04-06T19:46:29","date_gmt":"2022-04-06T22:46:29","guid":{"rendered":"https:\/\/isfdyt43-bue.infd.edu.ar\/sitio\/?page_id=2786"},"modified":"2023-11-07T19:44:56","modified_gmt":"2023-11-07T22:44:56","slug":"proceso-de-designaciones-de-horas-cargos","status":"publish","type":"page","link":"https:\/\/isfdyt43-bue.infd.edu.ar\/sitio\/proceso-de-designaciones-de-horas-cargos\/","title":{"rendered":"PROCESO DE DESIGNACIONES DE HORAS\/CARGOS"},"content":{"rendered":"<div class=\"wp-block-image\">\n<figure class=\"aligncenter size-large is-resized\"><img decoding=\"async\" loading=\"lazy\" src=\"https:\/\/isfdyt43-bue.infd.edu.ar\/sitio\/wp-content\/uploads\/2022\/04\/actopublicodigital-696x464-1.jpeg\" alt=\"\" class=\"wp-image-2790\" width=\"523\" height=\"226\"\/><\/figure><\/div>\n\n\n<p>Desde el inicio de este Ciclo Lectivo, hemos recibido indicaciones de SAD Lobos sobre c\u00f3mo se realizar\u00e1n las designaciones de las c\u00e1tedras.<br>Les explicaremos brevemente el nuevo sistema, y compartimos con Uds. enlaces de la p\u00e1gina web de SAD Lobos para que puedan interiorizarse sobre el manejo de APD (Actos P\u00fablicos Digitales).<br>1) Una vez realizadas todas las etapas de la RM 5886\/03 (evaluaci\u00f3n de propuestas, entrevistas, etc.) se confecciona el orden de m\u00e9rito para notificaci\u00f3n de los\/as postulantes<br>2) Una vez notificados todos\/as los\/as postulantes, se env\u00eda la solicitud de designaci\u00f3n a SAD junto con copia del Orden de M\u00e9rito<br>3) SAD publicar\u00e1 dichos pedidos de cobertura como \u201cOferta\u201d en la p\u00e1gina de abc.gob.ar, informaci\u00f3n que estar\u00e1 disponible en el \u00abListado de Ofertas\u00bb para que ustedes puedan postularse.<\/p>\n\n\n<div class=\"wp-block-image is-style-default\">\n<figure class=\"aligncenter size-full is-resized\"><img decoding=\"async\" loading=\"lazy\" src=\"https:\/\/isfdyt43-bue.infd.edu.ar\/sitio\/wp-content\/uploads\/2023\/11\/APD.jpg\" alt=\"\" class=\"wp-image-3582\" width=\"336\" height=\"235\" srcset=\"https:\/\/isfdyt43-bue.infd.edu.ar\/sitio\/wp-content\/uploads\/2023\/11\/APD.jpg 1062w, https:\/\/isfdyt43-bue.infd.edu.ar\/sitio\/wp-content\/uploads\/2023\/11\/APD-1000x701.jpg 1000w, https:\/\/isfdyt43-bue.infd.edu.ar\/sitio\/wp-content\/uploads\/2023\/11\/APD-768x538.jpg 768w\" sizes=\"(max-width: 336px) 100vw, 336px\" \/><figcaption class=\"wp-element-caption\">Vista de escritorio del \u00abMen\u00fa abc\u00bb<\/figcaption><\/figure><\/div>\n\n\n<p>4) La instituci\u00f3n compartir\u00e1 con los\/as docentes el n\u00famero de IGE (identificaci\u00f3n) de cada oferta, para que puedan localizar su asignatura con m\u00e1s facilidad.<br>5) Todos los postulantes que figuran en el orden de m\u00e9rito deben postularse en el APD. Aquel que no lo haga no ser\u00e1 tenido en cuenta para la designaci\u00f3n, que siempre seguir\u00e1 el orden de m\u00e9rito.<br>6) Una vez que se hayan postulado, y al terminar el per\u00edodo de postulaci\u00f3n, que es de 24 hs., tanto la instituci\u00f3n como Uds. recibir\u00e1n notificaci\u00f3n de designaci\u00f3n en sus correos electr\u00f3nicos.<br>7) IMPORTANTE: Deben presentar en la instituci\u00f3n Declaraci\u00f3n Jurada de Cargos o actualizaci\u00f3n de la misma seg\u00fan corresponda.<br><\/p>\n\n\n\n<p class=\"has-accent-color has-text-color has-large-font-size\"><strong>Enlaces de utilidad sobre APD (Actos P\u00fablicos Digitales)<\/strong><\/p>\n\n\n\n<p class=\"has-medium-font-size\">&#8211; <a rel=\"noreferrer noopener\" href=\"https:\/\/www.sadlobos.com\/noticias-generales\/casi-todos-los-pasos-para-ingresar-al-mundo-de-la-docencia-y-postularse-a-los-apd\/\" data-type=\"URL\" data-id=\"https:\/\/www.sadlobos.com\/noticias-generales\/casi-todos-los-pasos-para-ingresar-al-mundo-de-la-docencia-y-postularse-a-los-apd\/\" target=\"_blank\">Pasos para portularse a los APD<\/a><br>&#8211; <a rel=\"noreferrer noopener\" href=\"https:\/\/www.instagram.com\/s\/aGlnaGxpZ2h0OjE4MDA3NDc1MDk1Mjk0MDAz?story_media_id=2382829919653021438_40012319795&amp;utm_medium=share_sheet\" data-type=\"URL\" data-id=\"https:\/\/www.instagram.com\/s\/aGlnaGxpZ2h0OjE4MDA3NDc1MDk1Mjk0MDAz?story_media_id=2382829919653021438_40012319795&amp;utm_medium=share_sheet\" target=\"_blank\">VIDEO APD<\/a><br>&#8211; <a rel=\"noreferrer noopener\" href=\"https:\/\/www.instagram.com\/s\/aGlnaGxpZ2h0OjE3ODkyMzYzODUzNjA4OTAx?story_media_id=2382821271501516156_40012319795&amp;utm_medium=share_sheet\" data-type=\"URL\" data-id=\"https:\/\/www.instagram.com\/s\/aGlnaGxpZ2h0OjE3ODkyMzYzODUzNjA4OTAx?story_media_id=2382821271501516156_40012319795&amp;utm_medium=share_sheet\" target=\"_blank\">VIDEO INSTRUCTIVO APD<\/a><\/p>\n\n\n\n<p class=\"has-medium-font-size\"><a href=\"https:\/\/portaldocente.com.ar\/actos-publicos-provincia-bs-as-abc\/\">https:\/\/portaldocente.com.ar\/actos-publicos-provincia-bs-as-abc\/<\/a><\/p>\n\n\n\n<p><\/p>\n\n\n\n<p><\/p>\n\n\n\n<p><\/p>\n\n\n\n<p><\/p>\n\n\n\n<p><\/p>\n","protected":false},"excerpt":{"rendered":"<p>Desde el inicio de este Ciclo Lectivo, hemos recibido indicaciones de SAD Lobos sobre c\u00f3mo se realizar\u00e1n las designaciones de las c\u00e1tedras.Les explicaremos brevemente el nuevo sistema, y compartimos con Uds. enlaces de la p\u00e1gina web de SAD Lobos para que puedan interiorizarse sobre el manejo de APD (Actos P\u00fablicos Digitales).1) Una vez realizadas todas &#8230; <a title=\"PROCESO DE DESIGNACIONES DE HORAS\/CARGOS\" class=\"read-more\" href=\"https:\/\/isfdyt43-bue.infd.edu.ar\/sitio\/proceso-de-designaciones-de-horas-cargos\/\" aria-label=\"More on PROCESO DE DESIGNACIONES DE HORAS\/CARGOS\">[+]<\/a><\/p>\n","protected":false},"author":65,"featured_media":0,"parent":0,"menu_order":0,"comment_status":"closed","ping_status":"closed","template":"","meta":[],"acf":[],"_links":{"self":[{"href":"https:\/\/isfdyt43-bue.infd.edu.ar\/sitio\/wp-json\/wp\/v2\/pages\/2786"}],"collection":[{"href":"https:\/\/isfdyt43-bue.infd.edu.ar\/sitio\/wp-json\/wp\/v2\/pages"}],"about":[{"href":"https:\/\/isfdyt43-bue.infd.edu.ar\/sitio\/wp-json\/wp\/v2\/types\/page"}],"author":[{"embeddable":true,"href":"https:\/\/isfdyt43-bue.infd.edu.ar\/sitio\/wp-json\/wp\/v2\/users\/65"}],"replies":[{"embeddable":true,"href":"https:\/\/isfdyt43-bue.infd.edu.ar\/sitio\/wp-json\/wp\/v2\/comments?post=2786"}],"version-history":[{"count":3,"href":"https:\/\/isfdyt43-bue.infd.edu.ar\/sitio\/wp-json\/wp\/v2\/pages\/2786\/revisions"}],"predecessor-version":[{"id":3583,"href":"https:\/\/isfdyt43-bue.infd.edu.ar\/sitio\/wp-json\/wp\/v2\/pages\/2786\/revisions\/3583"}],"wp:attachment":[{"href":"https:\/\/isfdyt43-bue.infd.edu.ar\/sitio\/wp-json\/wp\/v2\/media?parent=2786"}],"curies":[{"name":"wp","href":"https:\/\/api.w.org\/{rel}","templated":true}]}}