{"id":4472,"date":"2025-10-14T18:56:21","date_gmt":"2025-10-14T21:56:21","guid":{"rendered":"https:\/\/isfdyt43-bue.infd.edu.ar\/sitio\/?page_id=4472"},"modified":"2025-10-15T18:01:53","modified_gmt":"2025-10-15T21:01:53","slug":"tecnicatura-sup-en-desarrollo-de-software","status":"publish","type":"page","link":"https:\/\/isfdyt43-bue.infd.edu.ar\/sitio\/tecnicatura-sup-en-desarrollo-de-software\/","title":{"rendered":"Tecnicatura Sup. en Desarrollo de Software"},"content":{"rendered":"<p><img decoding=\"async\" loading=\"lazy\" class=\"alignnone size-medium wp-image-4475\" src=\"https:\/\/isfdyt43-bue.infd.edu.ar\/sitio\/wp-content\/uploads\/2025\/10\/Banners-1000x342.jpg\" alt=\"\" width=\"1000\" height=\"342\" srcset=\"https:\/\/isfdyt43-bue.infd.edu.ar\/sitio\/wp-content\/uploads\/2025\/10\/Banners-1000x342.jpg 1000w, https:\/\/isfdyt43-bue.infd.edu.ar\/sitio\/wp-content\/uploads\/2025\/10\/Banners-768x262.jpg 768w, https:\/\/isfdyt43-bue.infd.edu.ar\/sitio\/wp-content\/uploads\/2025\/10\/Banners-1536x525.jpg 1536w, https:\/\/isfdyt43-bue.infd.edu.ar\/sitio\/wp-content\/uploads\/2025\/10\/Banners.jpg 1566w\" sizes=\"(max-width: 1000px) 100vw, 1000px\" \/><\/p>\n<p style=\"text-align: center;\"><span style=\"font-size: 10pt; font-family: verdana,geneva; color: #339966;\"><strong>DURACI\u00d3N: 3 a\u00f1os<\/strong><strong> &#8211; INICIA EN 2026<\/strong><\/span><\/p>\n<p style=\"text-align: center;\"><span style=\"font-size: 10pt; font-family: verdana,geneva; color: #339966;\"><strong>REQUISITOS DE INSCRIPCI\u00d3N: T\u00edtulo del Nivel Medio o Polimodal<\/strong><strong> (Secundario completo)<\/strong><\/span><\/p>\n<p style=\"text-align: center;\"><span style=\"font-size: 10pt; font-family: verdana,geneva; color: #339966;\"><strong>Resoluci\u00f3n N\u00b0 <a href=\"https:\/\/abc.gob.ar\/secretarias\/sites\/default\/files\/2021-06\/TS%20en%20Desarrollo%20de%20Software%20%20-%20Res.%205847_19%20-%20Anexo%20I.pdf\" target=\"_blank\" rel=\"noopener\">5847\/19<\/a><\/strong><\/span><\/p>\n<p style=\"text-align: center;\"><span style=\"font-size: 10pt; font-family: verdana,geneva; color: #339966;\"><strong><span style=\"color: #339966; font-family: verdana,geneva; font-size: 10pt;\"><strong>Turno: Vespertino<\/strong><\/span><\/strong><\/span><\/p>\n<p style=\"text-align: center;\"><span style=\"font-size: 10pt; font-family: verdana,geneva; color: #339966;\"><strong><span style=\"color: #339966; font-family: verdana,geneva; font-size: 10pt;\"><strong>Modalidad de Cursada: Presencial<\/strong><\/span><\/strong><\/span><\/p>\n<p style=\"text-align: justify;\"><span style=\"font-family: verdana,geneva; font-size: 10pt; color: #339966;\"><strong>PERFIL PROFESIONAL: <\/strong><\/span><\/p>\n<p><span style=\"color: #339966;\">Esta tecnicatura superior busca profesionales con una fuerte cultura digital activa y capacidad de trabajo en equipo, que le permitan detectar soluciones de base tecnol\u00f3gica a problem\u00e1ticas de \u00edndole cotidiano en los diversos procesos empresariales. Se ocupan de relevar, diagnosticar, dise\u00f1ar, programar, testear, implementar y dar soporte a problem\u00e1ticas organizacionales a trav\u00e9s de soluciones tecnol\u00f3gicas, mediante artefactos de software de diferentes plataformas, interfaces y dispositivos. Ser\u00e1 fundamental su capacidad de adaptaci\u00f3n a distintos modelos de negocio, interpretando la din\u00e1mica de cada sector y llevando a cabo soluciones en cada proceso que amerite un cambio radical o de mejora continua.<\/span><\/p>\n<p><span style=\"color: #008000;\"><strong>ALCANCE DEL TITULO<\/strong><\/span><\/p>\n<p style=\"text-align: justify;\"><strong><span style=\"font-family: verdana,geneva; font-size: 10pt; color: #339966;\">\u00bfQue podre hacer?<\/span><\/strong><\/p>\n<p><span style=\"color: #339966;\">De las actividades profesionales que se desprenden del Perfil Profesional se establecen como funciones para el\/la T\u00e9cnico\/a Superior en Desarrollo de Software:<\/span><\/p>\n<ul>\n<li><span style=\"color: #339966;\">Modelizar y construir aplicaciones de software a partir de especificaciones.<\/span><\/li>\n<li><span style=\"color: #339966;\">Verificar la calidad de las aplicaciones, dise\u00f1ando casos de prueba unitarios y de integraci\u00f3n.<\/span><\/li>\n<li><span style=\"color: #339966;\">Optimizar y depurar c\u00f3digo de aplicaciones de software para resolver defectos y diagnosticar mejoras.<\/span><\/li>\n<li><span style=\"color: #339966;\">Registrar y documentar en base a normas o est\u00e1ndares establecidos.<\/span><\/li>\n<li><span style=\"color: #339966;\">Gestionar y planificar sus propias actividades dentro del equipo de trabajo del proyecto.<\/span><\/li>\n<li><span style=\"color: #339966;\">Determinar y proyectar su propia actualizaci\u00f3n profesional, en relaci\u00f3n a la transformaci\u00f3n del entorno laboral y tecnol\u00f3gico, a partir de la capacitaci\u00f3n continua.<\/span><\/li>\n<li><span style=\"color: #339966;\">Dise\u00f1ar soluciones que involucren an\u00e1lisis de datos.<\/span><\/li>\n<li><span style=\"color: #339966;\">Desarrollar sistemas de inteligencia artificial, incluyendo el diagn\u00f3stico de errores y testeos de calidad.<\/span><\/li>\n<\/ul>\n<p style=\"text-align: center;\"><a href=\"https:\/\/drive.google.com\/file\/d\/1RfcoKY6z6bAA0Ez0HCQJKmc5ovybcrFo\/view?usp=sharing\" target=\"_blank\" rel=\"noopener\"><span style=\"color: #3366ff;\"><strong><span style=\"font-family: verdana, geneva; font-size: 12pt;\">Plan de estudio<\/span><\/strong><\/span><\/a><\/p>\n<p style=\"text-align: center;\"><a href=\"https:\/\/drive.google.com\/file\/d\/1jXS39XKxk7eEPMWBirYPWjTT1ZgOemJ6\/view?usp=sharing\" target=\"_blank\" rel=\"noopener\"><strong><span style=\"font-family: verdana,geneva; font-size: 12pt; color: #339966;\"><span style=\"color: #3366ff;\">Materias Correlativas<\/span><\/span><\/strong><\/a><\/p>\n<table style=\"width: 190px; margin-left: auto; margin-right: auto; height: 221px;\" border=\"0\">\n<tbody>\n<tr style=\"height: 21.0333px;\">\n<td style=\"width: 133px; text-align: center; height: 21.0333px;\"><span style=\"font-family: verdana, geneva, sans-serif; font-size: 12pt; color: #008000;\"><strong>Horarios<br \/>\n<\/strong><\/span><\/td>\n<\/tr>\n<tr style=\"height: 21px;\">\n<td style=\"width: 133px; height: 21px; text-align: center;\"><span style=\"font-family: verdana, geneva, sans-serif; font-size: 12pt; color: #008000;\"><strong><span style=\"color: #333399;\"><span style=\"color: #0000ff;\">1\u00b0 A\u00f1o &#8211; A Definir<\/span><\/span><\/strong><\/span><\/td>\n<\/tr>\n<tr style=\"height: 21px;\">\n<td style=\"width: 133px; height: 21px; text-align: center;\"><span style=\"font-family: verdana, geneva, sans-serif; font-size: 12pt; color: #0000ff;\"><strong>2\u00b0 A\u00f1<\/strong><\/span><span style=\"font-family: verdana, geneva, sans-serif; font-size: 12pt; color: #0000ff;\"><strong>o &#8211; en 2027<\/strong><\/span><\/td>\n<\/tr>\n<tr style=\"height: 21px;\">\n<td style=\"width: 133px; height: 21px; text-align: center;\"><span style=\"color: #0000ff;\"><span style=\"font-family: verdana, geneva, sans-serif; font-size: 12pt;\"><strong>3\u00b0 A\u00f1o en 2028<\/strong><\/span><\/span><\/td>\n<\/tr>\n<\/tbody>\n<\/table>\n","protected":false},"excerpt":{"rendered":"<p>DURACI\u00d3N: 3 a\u00f1os &#8211; INICIA EN 2026 REQUISITOS DE INSCRIPCI\u00d3N: T\u00edtulo del Nivel Medio o Polimodal (Secundario completo) Resoluci\u00f3n N\u00b0 5847\/19 Turno: Vespertino Modalidad de Cursada: Presencial PERFIL PROFESIONAL: Esta tecnicatura superior busca profesionales con una fuerte cultura digital activa y capacidad de trabajo en equipo, que le permitan detectar soluciones de base tecnol\u00f3gica a &#8230; <a title=\"Tecnicatura Sup. en Desarrollo de Software\" class=\"read-more\" href=\"https:\/\/isfdyt43-bue.infd.edu.ar\/sitio\/tecnicatura-sup-en-desarrollo-de-software\/\" aria-label=\"More on Tecnicatura Sup. en Desarrollo de Software\">[+]<\/a><\/p>\n","protected":false},"author":65,"featured_media":0,"parent":0,"menu_order":0,"comment_status":"closed","ping_status":"closed","template":"","meta":[],"acf":[],"_links":{"self":[{"href":"https:\/\/isfdyt43-bue.infd.edu.ar\/sitio\/wp-json\/wp\/v2\/pages\/4472"}],"collection":[{"href":"https:\/\/isfdyt43-bue.infd.edu.ar\/sitio\/wp-json\/wp\/v2\/pages"}],"about":[{"href":"https:\/\/isfdyt43-bue.infd.edu.ar\/sitio\/wp-json\/wp\/v2\/types\/page"}],"author":[{"embeddable":true,"href":"https:\/\/isfdyt43-bue.infd.edu.ar\/sitio\/wp-json\/wp\/v2\/users\/65"}],"replies":[{"embeddable":true,"href":"https:\/\/isfdyt43-bue.infd.edu.ar\/sitio\/wp-json\/wp\/v2\/comments?post=4472"}],"version-history":[{"count":9,"href":"https:\/\/isfdyt43-bue.infd.edu.ar\/sitio\/wp-json\/wp\/v2\/pages\/4472\/revisions"}],"predecessor-version":[{"id":4491,"href":"https:\/\/isfdyt43-bue.infd.edu.ar\/sitio\/wp-json\/wp\/v2\/pages\/4472\/revisions\/4491"}],"wp:attachment":[{"href":"https:\/\/isfdyt43-bue.infd.edu.ar\/sitio\/wp-json\/wp\/v2\/media?parent=4472"}],"curies":[{"name":"wp","href":"https:\/\/api.w.org\/{rel}","templated":true}]}}