{"id":824,"date":"2018-07-02T18:52:56","date_gmt":"2018-07-02T21:52:56","guid":{"rendered":"https:\/\/isfdyt43-bue.infd.edu.ar\/sitio\/equivalencias-2\/"},"modified":"2026-04-01T19:51:41","modified_gmt":"2026-04-01T22:51:41","slug":"equivalencias-2","status":"publish","type":"page","link":"https:\/\/isfdyt43-bue.infd.edu.ar\/sitio\/equivalencias-2\/","title":{"rendered":"Equivalencias"},"content":{"rendered":"<p><span style=\"color: #339966;\"><img decoding=\"async\" loading=\"lazy\" class=\"alignnone size-medium wp-image-2661\" src=\"https:\/\/isfdyt43-bue.infd.edu.ar\/sitio\/wp-content\/uploads\/2022\/01\/Equivalencias-1000x284.jpg\" alt=\"\" width=\"1000\" height=\"284\" srcset=\"https:\/\/isfdyt43-bue.infd.edu.ar\/sitio\/wp-content\/uploads\/2022\/01\/Equivalencias-1000x284.jpg 1000w, https:\/\/isfdyt43-bue.infd.edu.ar\/sitio\/wp-content\/uploads\/2022\/01\/Equivalencias-768x218.jpg 768w, https:\/\/isfdyt43-bue.infd.edu.ar\/sitio\/wp-content\/uploads\/2022\/01\/Equivalencias.jpg 1024w\" sizes=\"(max-width: 1000px) 100vw, 1000px\" \/><\/span><\/p>\n<h2 style=\"text-align: center;\"><span style=\"color: #339966;\">\u00a0<b>Equivalencias de Unidades Curriculares 2026<\/b><\/span><\/h2>\n<p style=\"text-align: center;\"><span style=\"font-size: 14pt; font-family: verdana, geneva, sans-serif; color: #339966;\"><strong>&#8211; <span style=\"color: #ff0000;\">LEER TODO HASTA EL FINAL<\/span> &#8211;<br \/>\n<\/strong><\/span><\/p>\n<p style=\"text-align: center;\"><span style=\"color: #339966;\">A continuaci\u00f3n, se informan los criterios, requisitos y procedimientos establecidos para el otorgamiento de <b>equivalencias <\/b>de unidades curriculares, de acuerdo con lo dispuesto por los dise\u00f1os curriculares jurisdiccionales (RAM Res. 4196\/24, cap. 10)<\/span><\/p>\n<p><span style=\"font-size: 10pt; font-family: verdana, geneva, sans-serif; color: #000000;\"><strong><span style=\"text-decoration: underline;\">Objetivos<\/span>:<\/strong><\/span><\/p>\n<p><span style=\"font-size: 10pt; font-family: verdana, geneva, sans-serif; color: #339966;\">Aprobaci\u00f3n (parcial o total) o denegaci\u00f3n de <span style=\"color: #ff0000;\">equivalencias<\/span> solicitadas por los alumnos regulares de las carreras de formaci\u00f3n Docente y\/o t\u00e9cnica.<\/span><\/p>\n<p style=\"text-align: center;\"><span style=\"font-size: 14pt; font-family: verdana, geneva, sans-serif; color: #339966;\"><strong>PASOS A SEGUIR<\/strong><\/span><\/p>\n<p><span style=\"font-size: 10pt; font-family: verdana, geneva, sans-serif; color: #339966;\"><strong><span style=\"text-decoration: underline; color: #000000;\">Descargar y completar los formularios que a continuaci\u00f3n se solicitan<\/span>:<\/strong><\/span><\/p>\n<p><span style=\"font-size: 10pt; font-family: verdana, geneva, sans-serif; color: #339966;\">El Alumno que solicita equivalencias deber\u00e1, en el <strong>ciclo lectivo 2026<\/strong>, presentar:<\/span><\/p>\n<ul>\n<li><span style=\"font-size: 10pt; font-family: verdana, geneva, sans-serif; color: #339966;\">El resumen de solicitud de equivalencia \u2013 <span style=\"color: #3366ff;\"><a style=\"color: #3366ff;\" title=\"Formulario A14\" href=\"upload\/A14.pdf\" target=\"_blank\" rel=\"noopener\">Formulario A14<\/a><\/span><\/span><\/li>\n<li><span style=\"font-size: 10pt; font-family: verdana, geneva, sans-serif; color: #339966;\">La solicitud de equivalencia por asignatura y\/o perspectiva \u2013 <a style=\"color: #339966;\" title=\"Formulario A14a\" href=\"upload\/A14a.pdf\" target=\"_blank\" rel=\"noopener\"><span style=\"color: #3366ff;\">Formulario A14a\u00a0<\/span><\/a><\/span><\/li>\n<li><span style=\"font-size: 10pt; font-family: verdana, geneva, sans-serif; color: #339966;\">Deber\u00e1 adjuntar el certificado anal\u00edtico y\/ o Programas de estudio de las unidades curriculares de origen (incluyendo carga horaria, contenidos y bibliograf\u00eda). En caso de solo presentar proyecto de c\u00e1tedra, este debe contener la nota de los estudios realizados. No ser\u00e1 posible recibir un pedido de equivalencia sin esta documentaci\u00f3n<\/span><\/li>\n<li><span style=\"font-size: 10pt; font-family: verdana, geneva, sans-serif; color: #339966;\">El certificado de materias aprobadas \u2013 <a style=\"color: #339966;\" title=\"Formulario A10\" href=\"upload\/A10.pdf\" target=\"_blank\" rel=\"noopener\"><span style=\"color: #3366ff;\">Formulario A10<\/span><\/a> (Original expedido por la instituci\u00f3n de Educaci\u00f3n Superior que corresponda)<\/span><\/li>\n<li><span style=\"font-size: 10pt; font-family: verdana, geneva, sans-serif; color: #339966;\">Programa de la Asignatura solicitada, el mismo debe estar certificado por la entidad donde se curso la misma y debe corresponderse con el a\u00f1o de cursada.<\/span><\/li>\n<\/ul>\n<p><span style=\"font-size: 10pt; font-family: verdana, geneva, sans-serif; color: #000000;\"><strong><span style=\"text-decoration: underline;\">Periodo de presentaci\u00f3n<\/span>:<\/strong><\/span><\/p>\n<ul>\n<li><span style=\"font-size: 10pt; font-family: verdana, geneva, sans-serif; color: #339966;\">Presentaci\u00f3n de Solicitudes de Equivalencia <strong>16-03-2026<\/strong> al <strong>30-04-2026<\/strong><\/span><\/li>\n<\/ul>\n<p><span style=\"font-size: 10pt; font-family: verdana, geneva, sans-serif; color: #339966;\"><span style=\"text-decoration: underline; color: #000000;\"><strong>Responsable:<\/strong><\/span> Preceptor de la carrera.<br \/>\n<\/span><\/p>\n<p><span style=\"font-size: 10pt; font-family: verdana, geneva, sans-serif; color: #339966;\"><span style=\"text-decoration: underline; color: #000000;\"><strong>Recepci\u00f3n:<\/strong><\/span> Los formularios de equivalencia conjuntamente con los programas, ser\u00e1n recepcionados de forma presencial, cada asignatura debe ser presentada de forma individual y la documentaci\u00f3n entregada en Folio Tama\u00f1o Oficio.<\/span><\/p>\n<table>\n<tbody>\n<tr>\n<td>\n<h5 style=\"text-align: center;\"><span style=\"color: #000000;\"><b>CARRERA<\/b><\/span><\/h5>\n<\/td>\n<td>\n<h5 style=\"text-align: center;\"><span style=\"color: #000000;\"><b>Preceptor\/a<\/b><\/span><\/h5>\n<\/td>\n<td>\n<h5 style=\"text-align: center;\"><span style=\"color: #000000;\"><b>Horario de Recepci\u00f3n<\/b><\/span><\/h5>\n<\/td>\n<\/tr>\n<tr>\n<td>\n<h6><span style=\"color: #339966;\">Profesorado de Educaci\u00f3n F\u00edsica<\/span><\/h6>\n<\/td>\n<td>\n<h6><span style=\"color: #339966;\">Bortoluzzi, Guillermo o Policani, Patricia<\/span><\/h6>\n<\/td>\n<td>\n<h6><span style=\"color: #339966;\">9:00Hs a 12:00Hs<\/span><\/h6>\n<\/td>\n<\/tr>\n<tr>\n<td>\n<h6><span style=\"color: #339966;\">Profesorado de Ingl\u00e9s<\/span><\/h6>\n<\/td>\n<td>\n<h6><span style=\"color: #339966;\">Marani, Fabian<\/span><\/h6>\n<\/td>\n<td>\n<h6><span style=\"color: #339966;\">18:00Hs a 21:00Hs<\/span><\/h6>\n<\/td>\n<\/tr>\n<tr>\n<td>\n<h6><span style=\"color: #339966;\">Profesorado de Historia\u00a0<\/span><\/h6>\n<\/td>\n<td>\n<h6><span style=\"color: #339966;\">Spinelli, Cristian<\/span><\/h6>\n<\/td>\n<td>\n<h6><span style=\"color: #339966;\">9:00Hs a 12:00Hs<\/span><\/h6>\n<\/td>\n<\/tr>\n<tr>\n<td>\n<h6><span style=\"color: #339966;\">Profesorado de Geograf\u00eda<\/span><\/h6>\n<\/td>\n<td>\n<h6><span style=\"color: #339966;\">Spinelli, Cristian<\/span><\/h6>\n<\/td>\n<td>\n<h6><span style=\"color: #339966;\">18:00Hs a 21:00Hs<\/span><\/h6>\n<\/td>\n<\/tr>\n<tr>\n<td>\n<h6><span style=\"color: #339966;\">Profesorado de Biolog\u00eda<\/span><\/h6>\n<\/td>\n<td>\n<h6><span style=\"color: #339966;\">Corca, Diego<\/span><\/h6>\n<\/td>\n<td>\n<h6><span style=\"color: #339966;\">18:00Hs a 21:00Hs<\/span><\/h6>\n<\/td>\n<\/tr>\n<tr>\n<td>\n<h6><span style=\"color: #339966;\">Tecnicatura en An\u00e1lisis Cl\u00ednicos<\/span><\/h6>\n<\/td>\n<td>\n<h6><span style=\"color: #339966;\">Mariscotti, Christian<\/span><\/h6>\n<\/td>\n<td>\n<h6><span style=\"color: #339966;\">18:00Hs a 21:00Hs<\/span><\/h6>\n<\/td>\n<\/tr>\n<tr>\n<td>\n<h6><span style=\"color: #339966;\">Tecnicatura en Desarrollo de Software<\/span><\/h6>\n<\/td>\n<td>\n<h6><span style=\"color: #339966;\">Zabalo, Cristian J.<\/span><\/h6>\n<\/td>\n<td>\n<h6><span style=\"color: #339966;\">18:00Hs a 21:00Hs<\/span><\/h6>\n<\/td>\n<\/tr>\n<tr>\n<td>\n<h6><span style=\"color: #339966;\">Tecnicatura en Acompa\u00f1ante Terap\u00e9utico<\/span><\/h6>\n<\/td>\n<td>\n<h6><span style=\"color: #339966;\">Boda\u00f1o, Xiomara<\/span><\/h6>\n<\/td>\n<td>\n<h6><span style=\"color: #339966;\">18:00Hs a 21:00Hs<\/span><\/h6>\n<\/td>\n<\/tr>\n<tr>\n<td>\n<h6><span style=\"color: #339966;\">Tecnicatura en Gastronom\u00eda<\/span><\/h6>\n<\/td>\n<td>\n<h6><span style=\"color: #339966;\">Godoy, Juliana<\/span><\/h6>\n<\/td>\n<td>\n<h6><span style=\"color: #339966;\">18:00Hs a 21:00Hs<\/span><\/h6>\n<\/td>\n<\/tr>\n<\/tbody>\n<\/table>\n<p><span style=\"color: #000000;\"><b>Equivalencia Autom\u00e1tica<\/b><\/span><\/p>\n<p><span style=\"color: #339966;\">Se considera equivalencia autom\u00e1tica cuando se trata de unidades curriculares con la <b>misma denominaci\u00f3n y contenidos<\/b>, conforme a los planes de estudio de carreras vigentes en la jurisdicci\u00f3n.<\/span><\/p>\n<p><span style=\"color: #000000;\"><b>Funciones institucionales:<\/b><\/span><\/p>\n<ul>\n<li aria-level=\"1\"><span style=\"color: #339966;\">Resolver la solicitud <b>durante el mes de Mayo<\/b> y notificar a la o el estudiante.<\/span><\/li>\n<li aria-level=\"1\"><span style=\"color: #339966;\">Confeccionar el acta correspondiente y <b>registrar en el Libro de Equivalencias<\/b> del establecimiento.<\/span><\/li>\n<\/ul>\n<p><span style=\"color: #000000;\"><b>Equivalencia Total o Parcial<\/b><\/span><\/p>\n<p><span style=\"color: #339966;\">Se podr\u00e1 reconocer equivalencias totales o parciales de unidades curriculares, valorando los saberes acreditados en carreras del Nivel Superior oficialmente reconocidas.<\/span><\/p>\n<p><span style=\"color: #000000;\"><b>Funciones institucionales:<\/b><\/span><\/p>\n<ul>\n<li aria-level=\"1\"><span style=\"color: #339966;\">Informar sobre el proceso de equivalencia total o parcial durante la inscripci\u00f3n anual.<\/span><\/li>\n<li aria-level=\"1\"><span style=\"color: #339966;\">El equipo docente deber\u00e1 <b>evaluar la documentaci\u00f3n durante el mes de Mayo<\/b> y emitir una resoluci\u00f3n fundada.<\/span><\/li>\n<li aria-level=\"1\"><span style=\"color: #339966;\">Confeccionar la planilla de aceptaci\u00f3n o denegaci\u00f3n correspondiente.<\/span><\/li>\n<li aria-level=\"1\"><span style=\"color: #339966;\">Registrar en el Libro de Equivalencias:<\/span><\/li>\n<li aria-level=\"1\"><span style=\"color: #339966;\">Si la equivalencia es total, se consignar\u00e1 la leyenda: \u201cAcreditado por Equivalencia\u201d.<\/span><\/li>\n<li aria-level=\"1\"><span style=\"color: #339966;\">Si el estudiante solicitara la equivalencia de una UC por acumulaci\u00f3n de contenidos presentes en varios espacios curriculares ya acreditados, deber\u00e1 trabajarse como una equivalencia parcial.<\/span><\/li>\n<li aria-level=\"1\"><span style=\"color: #339966;\">Si la equivalencia es parcial, el\/la profesor\/a deber\u00e1 detallar en un acta (confeccionada en hoja aparte) lo siguiente:<\/span><\/li>\n<\/ul>\n<p><span style=\"color: #339966;\">El trayecto complementario a realizar, especificando: cronograma, consignas, bibliograf\u00eda, fechas de consulta y de entrega, dispositivos e instrumentos de evaluaci\u00f3n, criterios de evaluaci\u00f3n y formato de entrega.<\/span><\/p>\n<p><span style=\"color: #339966;\">Esta informaci\u00f3n ser\u00e1 comunicada al\/a la estudiante en una entrevista, y quedar\u00e1 debidamente registrada y notificada bajo firma en el acta correspondiente.<\/span><\/p>\n<p><span style=\"color: #339966;\">De acuerdo con la normativa vigente, este trayecto deber\u00e1 resolverse antes de la finalizaci\u00f3n del ciclo lectivo, en el marco de encuentros de tutor\u00eda con el\/la estudiante.<\/span><\/p>\n<p><span style=\"color: #339966;\">En consecuencia, una equivalencia parcial no podr\u00e1 dirimirse solicitando al\/a la estudiante que curse nuevamente la unidad curricular ni que se presente a examen final.<\/span><\/p>\n<p><span style=\"color: #339966;\">El trayecto complementario deber\u00e1 contemplar instancias de evaluaci\u00f3n acordadas en el marco de este acompa\u00f1amiento, a cargo del\/de la profesor\/a.<\/span><\/p>\n<p><span style=\"color: #339966;\">Asimismo, al momento de otorgar una equivalencia parcial, resulta relevante que el\/la profesor\/a no solo considere los contenidos pendientes y su actualizaci\u00f3n, sino tambi\u00e9n el encuadre del dise\u00f1o curricular y sus finalidades formativas, a fin de evaluar la pertinencia del otorgamiento de dicha equivalencia total y\/o del tr\u00e1nsito por el trayecto complementario en la equivalencia parcial.<\/span><\/p>\n<ul>\n<li aria-level=\"1\"><span style=\"color: #339966;\">Una vez completadas las acciones requeridas, se registrar\u00e1 en un acta (confeccionada en hoja aparte) la aprobaci\u00f3n con la <b>calificaci\u00f3n correspondiente y fecha<\/b>, seg\u00fan lo resuelto por el equipo docente y se adjuntar\u00e1 en el folio correspondiente del libro de equivalencias.<\/span><\/li>\n<li aria-level=\"1\"><span style=\"color: #339966;\">En caso de <b>no aprobar o no presentarse<\/b>, el\/la profesor\/a deber\u00e1 dejar constancia en un acta (confeccionada en hoja aparte) que ser\u00e1 incluida\u00a0 en el Libro de Equivalencias.<\/span><\/li>\n<\/ul>\n<p><span style=\"color: #000000;\"><b>Equivalencia denegada<\/b><\/span><\/p>\n<p><span style=\"color: #339966;\">Las solicitudes de equivalencia pueden ser denegadas cuando:<\/span><\/p>\n<ul>\n<li aria-level=\"1\"><span style=\"color: #339966;\">No se cumplan los requisitos administrativos ya explicitados.<\/span><\/li>\n<li aria-level=\"1\"><span style=\"color: #339966;\">El profesor\/a cargo de la unidad curricular y el Equipo de Conducci\u00f3n, observen que existen razones de \u00edndole pedag\u00f3gico-did\u00e1ctica y en relaci\u00f3n a las finalidades formativas, que determinan que no sea otorgada.<\/span><\/li>\n<li aria-level=\"1\"><span style=\"color: #339966;\">Se solicita por equivalencia para una carrera de Profesorado una materia acreditada dentro de una carrera T\u00e9cnica.<\/span><\/li>\n<\/ul>\n","protected":false},"excerpt":{"rendered":"<p>\u00a0Equivalencias de Unidades Curriculares 2026 &#8211; LEER TODO HASTA EL FINAL &#8211; A continuaci\u00f3n, se informan los criterios, requisitos y procedimientos establecidos para el otorgamiento de equivalencias de unidades curriculares, de acuerdo con lo dispuesto por los dise\u00f1os curriculares jurisdiccionales (RAM Res. 4196\/24, cap. 10) Objetivos: Aprobaci\u00f3n (parcial o total) o denegaci\u00f3n de equivalencias solicitadas &#8230; <a title=\"Equivalencias\" class=\"read-more\" href=\"https:\/\/isfdyt43-bue.infd.edu.ar\/sitio\/equivalencias-2\/\" aria-label=\"More on Equivalencias\">[+]<\/a><\/p>\n","protected":false},"author":65,"featured_media":0,"parent":0,"menu_order":0,"comment_status":"closed","ping_status":"closed","template":"","meta":[],"acf":[],"_links":{"self":[{"href":"https:\/\/isfdyt43-bue.infd.edu.ar\/sitio\/wp-json\/wp\/v2\/pages\/824"}],"collection":[{"href":"https:\/\/isfdyt43-bue.infd.edu.ar\/sitio\/wp-json\/wp\/v2\/pages"}],"about":[{"href":"https:\/\/isfdyt43-bue.infd.edu.ar\/sitio\/wp-json\/wp\/v2\/types\/page"}],"author":[{"embeddable":true,"href":"https:\/\/isfdyt43-bue.infd.edu.ar\/sitio\/wp-json\/wp\/v2\/users\/65"}],"replies":[{"embeddable":true,"href":"https:\/\/isfdyt43-bue.infd.edu.ar\/sitio\/wp-json\/wp\/v2\/comments?post=824"}],"version-history":[{"count":42,"href":"https:\/\/isfdyt43-bue.infd.edu.ar\/sitio\/wp-json\/wp\/v2\/pages\/824\/revisions"}],"predecessor-version":[{"id":4710,"href":"https:\/\/isfdyt43-bue.infd.edu.ar\/sitio\/wp-json\/wp\/v2\/pages\/824\/revisions\/4710"}],"wp:attachment":[{"href":"https:\/\/isfdyt43-bue.infd.edu.ar\/sitio\/wp-json\/wp\/v2\/media?parent=824"}],"curies":[{"name":"wp","href":"https:\/\/api.w.org\/{rel}","templated":true}]}}