{"id":845,"date":"2018-07-02T18:53:05","date_gmt":"2018-07-02T21:53:05","guid":{"rendered":"https:\/\/isfdyt43-bue.infd.edu.ar\/sitio\/profesorado-de-educacion-fisica\/"},"modified":"2024-05-31T21:42:04","modified_gmt":"2024-06-01T00:42:04","slug":"profesorado-de-educacion-fisica","status":"publish","type":"page","link":"https:\/\/isfdyt43-bue.infd.edu.ar\/sitio\/profesorado-de-educacion-fisica\/","title":{"rendered":"Profesorado de Educaci\u00f3n F\u00edsica"},"content":{"rendered":"<p><img decoding=\"async\" loading=\"lazy\" src=\"https:\/\/isfdyt43-bue.infd.edu.ar\/sitio\/wp-content\/uploads\/2018\/07\/01EducFisica.jpg\" alt=\"Profesorado de Educacion Fisica\" width=\"800\" height=\"286\" border=\"0\" \/><\/p>\n<p style=\"text-align: center;\"><span style=\"color: #339966; font-family: verdana,geneva; font-size: 10pt;\">\u00a0<strong>DURACI\u00d3N 4 a\u00f1os<\/strong>\u00a0<\/span><\/p>\n<p style=\"text-align: center;\"><span style=\"color: #339966; font-family: verdana,geneva; font-size: 10pt;\"><strong>REQUISITOS DE INSCRIPCI\u00d3N: Tener T\u00edtulo de Nivel Medio o Polimodal.<\/strong><strong>\u00a0<\/strong><\/span><\/p>\n<p style=\"text-align: center;\"><span style=\"color: #339966; font-family: verdana,geneva; font-size: 10pt;\"><strong>Resoluci\u00f3n N\u00b0 <a title=\"Prof Ed Fisica\" href=\"upload\/rprofesorado_educ_fisica_pcia_bs_as.pdf\" target=\"_blank\" rel=\"noopener\">2432\/09<\/a><\/strong><\/span><\/p>\n<p style=\"text-align: center;\"><span style=\"color: #339966; font-family: verdana,geneva; font-size: 10pt;\"><strong><span style=\"color: #339966; font-family: verdana,geneva; font-size: 10pt;\"><strong>Cursada: Turno Ma\u00f1ana <\/strong><\/span><\/strong><\/span><\/p>\n<p style=\"text-align: center;\"><span style=\"color: #339966; font-family: verdana,geneva; font-size: 10pt;\"><strong><span style=\"color: #339966; font-family: verdana,geneva; font-size: 10pt;\"><strong>Modalidad de Cursada: Presencial<br \/><\/strong><\/span><\/strong><\/span><\/p>\n<p style=\"text-align: justify;\"><span style=\"color: #339966; font-family: verdana,geneva; font-size: 10pt;\"><strong>PERFIL PROFESIONAL:<\/strong><br \/>Un profesional con amplio conocimiento de los fundamentos y problemas epistemol\u00f3gicos de la Educaci\u00f3n F\u00edsica y el Deporte. Capacitado en lo conceptual, procedimental y actitudinal para actuar como mediador pedag\u00f3gico en el \u00e1rea espec\u00edfica, en todos los niveles del sistema formal y no formal. Fundamentado espec\u00edficamente en las disciplinas relacionadas con la motricidad humana y sus manifestaciones , permitiendo el planeamiento educacional deportivo. Formado f\u00edsica y motrizmente para el desempe\u00f1o adecuado de su labor t\u00e9cnico &#8211; docente. Concientizado de su misi\u00f3n como moderador social, transmisor de cultura y revitalizador de valores. Formado para hacer frente a la problem\u00e1tica actual de los alumnos , insertos en contextos diferenciados, tanto en lo social, lo afectivo, y lo intelectual.<\/span><\/p>\n<p><span style=\"color: #339966; font-family: verdana,geneva; font-size: 10pt;\"><strong>AREA OCUPACIONAL:<\/strong><\/span><\/p>\n<ul>\n<li><span style=\"color: #339966; font-family: verdana,geneva; font-size: 10pt;\">Ejercer la docencia en el \u00e1rea de la Educaci\u00f3n F\u00edsica dentro del sistema educativo formal en los niveles de primaria B\u00e1sica, Educaci\u00f3n Secundaria B\u00e1sica y Polimodal.<\/span><\/li>\n<li><span style=\"color: #339966; font-family: verdana,geneva; font-size: 10pt;\">Dise\u00f1ar, desarrollar y evaluar planes, programas, proyectos y eventos relativos a la Educaci\u00f3n F\u00edsica y el Deporte.<\/span><\/li>\n<li><span style=\"color: #339966; font-family: verdana,geneva; font-size: 10pt;\">Llevar a cabo una mediaci\u00f3n cultural reflexiva y cr\u00edtica en el sistema educativo no formal, contextualizada en el marco comunitario.<\/span><\/li>\n<li><span style=\"color: #339966; font-family: verdana,geneva; font-size: 10pt;\">Planificar, conducir y evaluar procesos de ense\u00f1anza y aprendizaje en el \u00e1rea de la Educaci\u00f3n F\u00edsica y el Deporte desde el enfoque de la Educaci\u00f3n Integral y Permanente de los ciudadanos.<\/span><\/li>\n<li><span style=\"color: #339966; font-family: verdana,geneva; font-size: 10pt;\">Elaborar y realizar proyectos de investigaci\u00f3n en el \u00e1rea de la Educaci\u00f3n F\u00edsica y el Deporte.<\/span><\/li>\n<li><span style=\"color: #339966; font-family: verdana,geneva; font-size: 10pt;\">Integrar, con una actitud constructiva y cr\u00edtica, proyectos institucionales y equipos interdisciplinarios.<\/span><\/li>\n<li><span style=\"color: #339966; font-family: verdana,geneva; font-size: 10pt;\">Gestionar y asesorar clubes, centros, organizaciones e instituciones dedicadas a la Actividad F\u00edsica, el Deporte y la Recreaci\u00f3n.<\/span><\/li>\n<\/ul>\n<p style=\"text-align: center;\"><span style=\"font-family: verdana,geneva; font-size: 10pt;\"><strong><span style=\"color: #339966;\"><a title=\"Plan de Estudio de Educaci\u00f3n F\u00edsica\" href=\"upload\/EducFisica_Plan.pdf\" target=\"_blank\" rel=\"noopener\">Plan de Estudios<\/a><\/span><\/strong><\/span><\/p>\n\n\n<p class=\"has-text-align-center\"><strong>Horarios 2024<\/strong><\/p>\n\n\n\n<p class=\"has-text-align-center\"><strong><a href=\"https:\/\/drive.google.com\/file\/d\/1-_uGJht_zKOJYXvQgbvvNuCEX7UK5qvg\/view?usp=sharing\" data-type=\"URL\" data-id=\"https:\/\/drive.google.com\/file\/d\/1-_uGJht_zKOJYXvQgbvvNuCEX7UK5qvg\/view?usp=sharing\" target=\"_blank\" rel=\"noreferrer noopener\">Horarios 1ro A<\/a><br><a href=\"https:\/\/drive.google.com\/file\/d\/13KJfv5bywbi-w0NOyxE1UTGK52iV6hCN\/view?usp=sharing\" data-type=\"URL\" data-id=\"https:\/\/drive.google.com\/file\/d\/13KJfv5bywbi-w0NOyxE1UTGK52iV6hCN\/view?usp=sharing\" target=\"_blank\" rel=\"noreferrer noopener\">Horarios 1ro B<\/a><br><a href=\"https:\/\/drive.google.com\/file\/d\/1NWRUqrR1IYuAEioRX5cR8b0Vk5xcyc7Q\/view?usp=sharing\" data-type=\"URL\" data-id=\"https:\/\/drive.google.com\/file\/d\/1NWRUqrR1IYuAEioRX5cR8b0Vk5xcyc7Q\/view?usp=sharing\" target=\"_blank\" rel=\"noreferrer noopener\">Horarios 2do<\/a><br><a href=\"https:\/\/drive.google.com\/file\/d\/1qtGWOSNfGrAfxFd56MHAt2DySG-XVJUQ\/view?usp=sharing\" data-type=\"URL\" data-id=\"https:\/\/drive.google.com\/file\/d\/1qtGWOSNfGrAfxFd56MHAt2DySG-XVJUQ\/view?usp=sharing\" target=\"_blank\" rel=\"noreferrer noopener\">Horarios 3ro<\/a><br><a href=\"https:\/\/drive.google.com\/file\/d\/1WfMGB3j-XxZLTU39Y0HXUHpfPvjxl8R7\/view?usp=sharing\" data-type=\"URL\" data-id=\"https:\/\/drive.google.com\/file\/d\/1WfMGB3j-XxZLTU39Y0HXUHpfPvjxl8R7\/view?usp=sharing\" target=\"_blank\" rel=\"noreferrer noopener\">Horarios 4to<\/a><\/strong><\/p>\n","protected":false},"excerpt":{"rendered":"<p>\u00a0DURACI\u00d3N 4 a\u00f1os\u00a0 REQUISITOS DE INSCRIPCI\u00d3N: Tener T\u00edtulo de Nivel Medio o Polimodal.\u00a0 Resoluci\u00f3n N\u00b0 2432\/09 Cursada: Turno Ma\u00f1ana Modalidad de Cursada: Presencial PERFIL PROFESIONAL:Un profesional con amplio conocimiento de los fundamentos y problemas epistemol\u00f3gicos de la Educaci\u00f3n F\u00edsica y el Deporte. Capacitado en lo conceptual, procedimental y actitudinal para actuar como mediador pedag\u00f3gico en &#8230; <a title=\"Profesorado de Educaci\u00f3n F\u00edsica\" class=\"read-more\" href=\"https:\/\/isfdyt43-bue.infd.edu.ar\/sitio\/profesorado-de-educacion-fisica\/\" aria-label=\"More on Profesorado de Educaci\u00f3n F\u00edsica\">[+]<\/a><\/p>\n","protected":false},"author":65,"featured_media":0,"parent":0,"menu_order":0,"comment_status":"closed","ping_status":"closed","template":"","meta":[],"acf":[],"_links":{"self":[{"href":"https:\/\/isfdyt43-bue.infd.edu.ar\/sitio\/wp-json\/wp\/v2\/pages\/845"}],"collection":[{"href":"https:\/\/isfdyt43-bue.infd.edu.ar\/sitio\/wp-json\/wp\/v2\/pages"}],"about":[{"href":"https:\/\/isfdyt43-bue.infd.edu.ar\/sitio\/wp-json\/wp\/v2\/types\/page"}],"author":[{"embeddable":true,"href":"https:\/\/isfdyt43-bue.infd.edu.ar\/sitio\/wp-json\/wp\/v2\/users\/65"}],"replies":[{"embeddable":true,"href":"https:\/\/isfdyt43-bue.infd.edu.ar\/sitio\/wp-json\/wp\/v2\/comments?post=845"}],"version-history":[{"count":13,"href":"https:\/\/isfdyt43-bue.infd.edu.ar\/sitio\/wp-json\/wp\/v2\/pages\/845\/revisions"}],"predecessor-version":[{"id":3857,"href":"https:\/\/isfdyt43-bue.infd.edu.ar\/sitio\/wp-json\/wp\/v2\/pages\/845\/revisions\/3857"}],"wp:attachment":[{"href":"https:\/\/isfdyt43-bue.infd.edu.ar\/sitio\/wp-json\/wp\/v2\/media?parent=845"}],"curies":[{"name":"wp","href":"https:\/\/api.w.org\/{rel}","templated":true}]}}