{"id":847,"date":"2018-07-02T18:53:06","date_gmt":"2018-07-02T21:53:06","guid":{"rendered":"https:\/\/isfdyt43-bue.infd.edu.ar\/sitio\/tecnicatura-en-analisis-desarrollo-y-programacion-de-aplicaciones\/"},"modified":"2025-10-15T17:57:43","modified_gmt":"2025-10-15T20:57:43","slug":"tecnicatura-en-analisis-desarrollo-y-programacion-de-aplicaciones","status":"publish","type":"page","link":"https:\/\/isfdyt43-bue.infd.edu.ar\/sitio\/tecnicatura-en-analisis-desarrollo-y-programacion-de-aplicaciones\/","title":{"rendered":"Tecnicatura en An\u00e1lisis, Desarrollo y Programaci\u00f3n de Aplicaciones"},"content":{"rendered":"<p><img decoding=\"async\" loading=\"lazy\" src=\"https:\/\/isfdyt43-bue.infd.edu.ar\/sitio\/wp-content\/uploads\/2018\/07\/BannerAnalisisSistemas.jpg\" alt=\"Banners AnaSistemas\" width=\"799\" height=\"366\" border=\"0\" \/><\/p>\n<p style=\"text-align: center;\"><span style=\"font-size: 10pt; font-family: verdana,geneva; color: #339966;\"><strong>DURACI\u00d3N: 3 a\u00f1os<\/strong><strong> &#8211; FINALIZA EN 2025<\/strong><\/span><\/p>\n<p style=\"text-align: center;\"><span style=\"font-size: 10pt; font-family: verdana,geneva; color: #339966;\"><strong>REQUISITOS DE INSCRIPCI\u00d3N: T\u00edtulo del Nivel Medio o Polimodal<\/strong><strong>\u00a0<\/strong><\/span><\/p>\n<p style=\"text-align: center;\"><span style=\"font-size: 10pt; font-family: verdana,geneva; color: #339966;\"><strong>Resoluci\u00f3n N\u00b0 <a title=\"Analisis de Sistemas\" href=\"upload\/tecsupenanalisisdesyprogdeaplicr6175-03.pdf\" target=\"_blank\" rel=\"noopener\">6175\/03<\/a><\/strong><\/span><\/p>\n<p style=\"text-align: center;\"><span style=\"font-size: 10pt; font-family: verdana,geneva; color: #339966;\"><strong><span style=\"color: #339966; font-family: verdana,geneva; font-size: 10pt;\"><strong>Turno: Vespertino<\/strong><\/span><\/strong><\/span><\/p>\n<p style=\"text-align: center;\"><span style=\"font-size: 10pt; font-family: verdana,geneva; color: #339966;\"><strong><span style=\"color: #339966; font-family: verdana,geneva; font-size: 10pt;\"><strong>Modalidad de Cursada: Presencial<\/strong><\/span><\/strong><\/span><\/p>\n<p style=\"text-align: justify;\"><span style=\"font-family: verdana,geneva; font-size: 10pt; color: #339966;\"><strong>PERFIL PROFESIONAL: <\/strong><\/span><\/p>\n<p style=\"text-align: justify;\"><span style=\"font-family: verdana,geneva; font-size: 10pt; color: #339966;\">&#8211; Competencia General<\/span><\/p>\n<p style=\"text-align: justify;\"><span style=\"font-family: verdana,geneva; font-size: 10pt; color: #339966;\">El \/la T\u00e9cnico\/a Superior en\u00a0 An\u00e1lisis, Desarrollo y Programaci\u00f3n de Aplicaciones, ser\u00e1 un profesional\u00a0\u00a0\u00a0 con\u00a0 amplio\u00a0 dominio\u00a0 de\u00a0 tecnolog\u00edas\u00a0 de\u00a0 punta,\u00a0 capacitado\u00a0 para\u00a0 transferir\u00a0 avances\u00a0 de\u00a0 las\u00a0 ciencias\u00a0 inform\u00e1ticas\u00a0 en\u00a0 el\u00a0 desarrollo\u00a0 de\u00a0\u00a0\u00a0 \u00e1mbitos\u00a0 virtuales\u00a0 de\u00a0 soluci\u00f3n\u00a0 a\u00a0 problemas\u00a0 reales,\u00a0 aplicando\u00a0\u00a0\u00a0 metodolog\u00edas\u00a0 de\u00a0 administraci\u00f3n\u00a0\u00a0\u00a0 de\u00a0 ciclos\u00a0 de\u00a0 vida\u00a0 de\u00a0 los\u00a0 sistemas\u00a0 de\u00a0 informaci\u00f3n,\u00a0 herramientas\u00a0 y\u00a0 procedimientos\u00a0 bajo\u00a0 la\u00a0 aplicaci\u00f3n\u00a0 de\u00a0 normas\u00a0 legales, t\u00e9cnicas y \u00e9ticas.<\/span><\/p>\n<p style=\"text-align: justify;\"><strong><span style=\"font-family: verdana,geneva; font-size: 10pt; color: #339966;\">&#8211; <\/span><\/strong><span style=\"font-family: verdana,geneva; font-size: 10pt; color: #339966;\">\u00c1reas de competencias<\/span><strong><span style=\"font-family: verdana,geneva; font-size: 10pt; color: #339966;\">:<\/span><\/strong><\/p>\n<p style=\"text-align: justify;\"><span style=\"font-family: verdana,geneva; font-size: 10pt; color: #339966;\">Estas \u00e1reas requieren del\/a t\u00e9cnico\/a superior el dominio de un saber hacer complejo en el que\u00a0 se\u00a0 movilizan\u00a0 conocimientos,\u00a0 valores,\u00a0 actitudes\u00a0 y\u00a0 habilidades\u00a0 de\u00a0 car\u00e1cter\u00a0 tecnol\u00f3gico,\u00a0 social y personal que definen su identidad profesional.<\/span><\/p>\n<p style=\"text-align: justify;\"><span style=\"font-family: verdana,geneva; font-size: 10pt; color: #339966;\">&#8211; Organizar\u00a0 la din\u00e1mica adecuada\u00a0 dentro de un\u00a0 sistema de informaci\u00f3n<\/span><\/p>\n<p style=\"text-align: justify;\"><span style=\"font-family: verdana,geneva; font-size: 10pt; color: #339966;\">&#8211; Dise\u00f1ar la incorporaci\u00f3n de Tecnolog\u00eda dentro de la Organizaci\u00f3n<\/span><\/p>\n<p style=\"text-align: justify;\"><span style=\"font-family: verdana,geneva; font-size: 10pt; color: #339966;\">&#8211; Desarrollar\u00a0 soluciones virtuales de paradigmas reales<\/span><\/p>\n<p style=\"text-align: justify;\"><span style=\"font-family: verdana,geneva; font-size: 10pt; color: #339966;\">&#8211; Instalar y mantener sistemas dise\u00f1ados bajo diferentes entornos.<\/span><\/p>\n<p style=\"text-align: justify;\"><span style=\"font-family: verdana,geneva; font-size: 10pt; color: #339966;\">&#8211; Administrar distintos medios de comunicaci\u00f3n y transporte de informaci\u00f3n.<\/span><\/p>\n<p style=\"text-align: justify;\"><span style=\"font-family: verdana,geneva; font-size: 10pt; color: #339966;\"><strong>\u00c1REA OCUPACIONAL:<\/strong><\/span><\/p>\n<p style=\"text-align: justify;\"><span style=\"font-family: verdana,geneva; font-size: 10pt; color: #339966;\">El <strong>Analista Programador <\/strong>es la persona que realiza las funciones de un analista t\u00e9cnico y de un programador<strong>; <\/strong>es decir, parte de una informaci\u00f3n previa recibida del analista funcional, en funci\u00f3n de la cual desarrolla las aplicaciones y organiza los datos. <strong>Es el perfil m\u00e1s buscado en la actualidad<\/strong>.<\/span><\/p>\n<p style=\"text-align: justify;\"><span style=\"font-family: verdana,geneva; font-size: 10pt; color: #339966;\">En base a sus conocimientos en el o los lenguajes de programaci\u00f3n necesarios en cada caso, sintetiza, organiza y lo lleva a la pr\u00e1ctica mediante la codificaci\u00f3n de la soluci\u00f3n. Requiere caracter\u00edsticas de personalidad similares a las de un programador, <strong>con mayor visi\u00f3n global y capacidad de an\u00e1lisis y s\u00edntesis<\/strong>.<\/span><\/p>\n<p style=\"text-align: center;\"><strong><span style=\"font-family: verdana,geneva; font-size: 12pt; color: #339966;\"><a title=\"Plan de Estudio de Analisis de Sistemas\" href=\"upload\/AnaSist_Plan.pdf\" target=\"_blank\" rel=\"noopener\">Plan de estudio<\/a><\/span><\/strong><\/p>\n<p style=\"text-align: center;\"><strong><span style=\"font-family: verdana,geneva; font-size: 12pt; color: #339966;\"><a title=\"Plan de Estudio de Analisis de Sistemas\" href=\"https:\/\/isfdyt43-bue.infd.edu.ar\/sitio\/wp-content\/uploads\/2019\/05\/Correlativas-ASI.jpg\" target=\"_blank\" rel=\"noopener\">Materias Correlativas<\/a><\/span><\/strong><\/p>\n<table style=\"width: 143px; margin-left: auto; margin-right: auto;\" border=\"0\">\n<tbody>\n<tr style=\"height: 21.0333px;\">\n<td style=\"width: 133px; text-align: center; height: 21.0333px;\"><span style=\"font-family: verdana, geneva, sans-serif; font-size: 12pt; color: #008000;\"><strong>Horarios<br \/>\n<\/strong><\/span><\/td>\n<\/tr>\n<tr style=\"height: 21px;\">\n<td style=\"width: 133px; height: 21px; text-align: center;\"><a href=\"https:\/\/drive.google.com\/file\/d\/1Kd64Uv5-V3zS6DVgUCz6KKacOKQ8C64a\/view?usp=sharing\" target=\"_blank\" rel=\"noopener\"><span style=\"font-family: verdana, geneva, sans-serif; font-size: 12pt; color: #008000;\"><strong><span style=\"color: #333399;\"><span style=\"color: #0000ff;\">1\u00b0 A\u00f1o<\/span><\/span><\/strong><\/span><\/a><\/td>\n<\/tr>\n<tr style=\"height: 21px;\">\n<td style=\"width: 133px; height: 21px; text-align: center;\"><a href=\"https:\/\/drive.google.com\/file\/d\/1DEIO-QFuY1f7J6VIeVYjj-LCAC4amWe6\/view?usp=sharing\" target=\"_blank\" rel=\"noopener\"><span style=\"font-family: verdana, geneva, sans-serif; font-size: 12pt; color: #0000ff;\"><strong>2\u00b0 A\u00f1<\/strong><\/span><span style=\"font-family: verdana, geneva, sans-serif; font-size: 12pt; color: #0000ff;\"><strong>o<\/strong><\/span><\/a><\/td>\n<\/tr>\n<tr style=\"height: 21px;\">\n<td style=\"width: 133px; height: 21px; text-align: center;\"><a href=\"https:\/\/drive.google.com\/file\/d\/1hv4KfE3_ahq95bmieEkSgXX5G5SJSRjr\/view?usp=sharing\" target=\"_blank\" rel=\"noopener\"><span style=\"color: #0000ff;\"><span style=\"font-family: verdana, geneva, sans-serif; font-size: 12pt;\"><strong>3\u00b0 A\u00f1o<\/strong><\/span><\/span><\/a><\/td>\n<\/tr>\n<\/tbody>\n<\/table>\n","protected":false},"excerpt":{"rendered":"<p>DURACI\u00d3N: 3 a\u00f1os &#8211; FINALIZA EN 2025 REQUISITOS DE INSCRIPCI\u00d3N: T\u00edtulo del Nivel Medio o Polimodal\u00a0 Resoluci\u00f3n N\u00b0 6175\/03 Turno: Vespertino Modalidad de Cursada: Presencial PERFIL PROFESIONAL: &#8211; Competencia General El \/la T\u00e9cnico\/a Superior en\u00a0 An\u00e1lisis, Desarrollo y Programaci\u00f3n de Aplicaciones, ser\u00e1 un profesional\u00a0\u00a0\u00a0 con\u00a0 amplio\u00a0 dominio\u00a0 de\u00a0 tecnolog\u00edas\u00a0 de\u00a0 punta,\u00a0 capacitado\u00a0 para\u00a0 transferir\u00a0 avances\u00a0 &#8230; <a title=\"Tecnicatura en An\u00e1lisis, Desarrollo y Programaci\u00f3n de Aplicaciones\" class=\"read-more\" href=\"https:\/\/isfdyt43-bue.infd.edu.ar\/sitio\/tecnicatura-en-analisis-desarrollo-y-programacion-de-aplicaciones\/\" aria-label=\"More on Tecnicatura en An\u00e1lisis, Desarrollo y Programaci\u00f3n de Aplicaciones\">[+]<\/a><\/p>\n","protected":false},"author":65,"featured_media":0,"parent":0,"menu_order":0,"comment_status":"closed","ping_status":"closed","template":"","meta":[],"acf":[],"_links":{"self":[{"href":"https:\/\/isfdyt43-bue.infd.edu.ar\/sitio\/wp-json\/wp\/v2\/pages\/847"}],"collection":[{"href":"https:\/\/isfdyt43-bue.infd.edu.ar\/sitio\/wp-json\/wp\/v2\/pages"}],"about":[{"href":"https:\/\/isfdyt43-bue.infd.edu.ar\/sitio\/wp-json\/wp\/v2\/types\/page"}],"author":[{"embeddable":true,"href":"https:\/\/isfdyt43-bue.infd.edu.ar\/sitio\/wp-json\/wp\/v2\/users\/65"}],"replies":[{"embeddable":true,"href":"https:\/\/isfdyt43-bue.infd.edu.ar\/sitio\/wp-json\/wp\/v2\/comments?post=847"}],"version-history":[{"count":22,"href":"https:\/\/isfdyt43-bue.infd.edu.ar\/sitio\/wp-json\/wp\/v2\/pages\/847\/revisions"}],"predecessor-version":[{"id":4489,"href":"https:\/\/isfdyt43-bue.infd.edu.ar\/sitio\/wp-json\/wp\/v2\/pages\/847\/revisions\/4489"}],"wp:attachment":[{"href":"https:\/\/isfdyt43-bue.infd.edu.ar\/sitio\/wp-json\/wp\/v2\/media?parent=847"}],"curies":[{"name":"wp","href":"https:\/\/api.w.org\/{rel}","templated":true}]}}