{"id":851,"date":"2018-07-02T18:53:07","date_gmt":"2018-07-02T21:53:07","guid":{"rendered":"https:\/\/isfdyt43-bue.infd.edu.ar\/sitio\/profesorado-de-geografia\/"},"modified":"2023-09-29T19:25:04","modified_gmt":"2023-09-29T22:25:04","slug":"profesorado-de-geografia","status":"publish","type":"page","link":"https:\/\/isfdyt43-bue.infd.edu.ar\/sitio\/profesorado-de-geografia\/","title":{"rendered":"Profesorado de Geograf\u00eda"},"content":{"rendered":"<p><img decoding=\"async\" loading=\"lazy\" src=\"https:\/\/isfdyt43-bue.infd.edu.ar\/sitio\/wp-content\/uploads\/2018\/07\/Bannersgeografia.jpg\" alt=\"Banners de Geografia\" width=\"790\" height=\"442\" border=\"0\" \/><\/p>\n<p style=\"text-align: center;\"><span style=\"font-family: verdana,geneva; font-size: 10pt; color: #339966;\"><strong>DURACI\u00d3N 4 a\u00f1os<\/strong><\/span><\/p>\n<p style=\"text-align: center;\"><span style=\"font-family: verdana,geneva; font-size: 10pt; color: #339966;\"><strong>REQUISITOS DE INGRESO: T\u00edtulo del Nivel Medio o Polimodal.<\/strong><\/span><\/p>\n<p style=\"text-align: center;\"><span style=\"font-family: verdana,geneva; font-size: 10pt; color: #339966;\"><strong>Resoluci\u00f3n Vieja N\u00b0 <a href=\"https:\/\/isfdyt43-bue.infd.edu.ar\/sitio\/wp-content\/uploads\/2018\/09\/13259-99-Prof.-Geografia.pdf\">13259\/99<\/a><\/strong><\/span><\/p>\n<p style=\"text-align: center;\"><span style=\"font-family: verdana,geneva; font-size: 10pt; color: #339966;\"><strong>Resoluci\u00f3n Nueva N\u00b0 <a href=\"https:\/\/abc.gob.ar\/secretarias\/sites\/default\/files\/2023-02\/IF-2022-40272975-GDEBA-SSEDGCYE%20Y%20GEOGRAF%C3%8DA_compressed.pdf\" target=\"_blank\" rel=\"noopener\">3608\/22<\/a><br \/>\n<\/strong><\/span><\/p>\n<p style=\"text-align: center;\"><span style=\"font-family: verdana,geneva; font-size: 10pt; color: #339966;\"><strong>Turno: Vespertino <\/strong><\/span><\/p>\n<p style=\"text-align: center;\"><span style=\"font-family: verdana,geneva; font-size: 10pt; color: #339966;\"><strong>Modalidad de Cursada: Presencial<br \/>\n<\/strong><\/span><\/p>\n<p style=\"text-align: justify;\"><span style=\"font-family: verdana,geneva; font-size: 10pt; color: #339966;\"><strong>Objetivos:<\/strong><\/span><br \/>\n<span style=\"font-family: verdana,geneva; font-size: 10pt; color: #339966;\"> El plan de estudios de la carrera de Profesorado de Geograf\u00eda propone que los alumnos logren: <\/span><br \/>\n<span style=\"font-family: verdana,geneva; font-size: 10pt; color: #339966;\"> &#8211; Adquirir los conocimientos te\u00f3ricos, metodol\u00f3gicos y t\u00e9cnicos de la ciencia geogr\u00e1fica que le permitan actuar en docencia, investigaci\u00f3n y trabajo profesional. <\/span><br \/>\n<span style=\"font-family: verdana,geneva; font-size: 10pt; color: #339966;\"> &#8211; Adquirir los conocimientos de las Ciencias Sociales necesarios para encarar creativamente los requerimientos de la pr\u00e1ctica de la ense\u00f1anza de los contenidos de dicha \u00e1rea y encarar su ense\u00f1anza desde la perspectiva geogr\u00e1fica. <\/span><br \/>\n<span style=\"font-family: verdana,geneva; font-size: 10pt; color: #339966;\"> &#8211; Comprender las problem\u00e1ticas territoriales y los marcos te\u00f3ricos y metodol\u00f3gicos que las explican <\/span><br \/>\n<span style=\"font-family: verdana,geneva; font-size: 10pt; color: #339966;\"> &#8211; Reconocer cr\u00edticamente las distintas perspectivas de la Did\u00e1ctica de la Geograf\u00eda y las Ciencias Sociales con el fin de proponer alternativas metodol\u00f3gicas en la ense\u00f1anza y en la investigaci\u00f3n disciplinar y educativa. <\/span><br \/>\n<span style=\"font-family: verdana,geneva; font-size: 10pt; color: #339966;\"> &#8211; Desarrollar la capacidad de integrarse en equipos interdisciplinarios. <\/span><br \/>\n<span style=\"font-family: verdana,geneva; font-size: 10pt; color: #339966;\"> &#8211; Desarrollar actitudes reflexivas y de compromiso ante las distintas problem\u00e1ticas de la pr\u00e1ctica educativa.<\/span><\/p>\n<p style=\"text-align: justify;\"><span style=\"font-family: verdana,geneva; font-size: 10pt; color: #339966;\"><strong>Incumbencias:<\/strong><\/span><br \/>\n<span style=\"font-family: verdana,geneva; font-size: 10pt; color: #339966;\"> El t\u00edtulo de Profesor de Geograf\u00eda habilita para: <\/span><br \/>\n<span style=\"font-family: verdana,geneva; font-size: 10pt; color: #339966;\"> &#8211; Planificar, conducir y evaluar procesos de ense\u00f1anza y aprendizaje de Geograf\u00eda, de conocimientos geogr\u00e1ficos y de conocimientos de ciencias sociales y ciencias afines en todos los niveles del Sistema Educativo del Territorio Nacional. <\/span><br \/>\n<span style=\"font-family: verdana,geneva; font-size: 10pt; color: #339966;\"> &#8211; Asesorar en lo referente a metodolog\u00eda de ense\u00f1anza, de dise\u00f1o curricular de la Geograf\u00eda en Instituciones de gesti\u00f3n p\u00fablica y gesti\u00f3n privada, como asimismo en el extranjero donde se realicen intercambios promovidos por acuerdos bilaterales, multilaterales y de integraci\u00f3n regional. <\/span><br \/>\n<span style=\"font-family: verdana,geneva; font-size: 10pt; color: #339966;\"> &#8211; Asesorar en la elaboraci\u00f3n de proyectos, direcci\u00f3n y participaci\u00f3n en equipos de capacitaci\u00f3n, actualizaci\u00f3n y perfeccionamiento docente. <\/span><br \/>\n<span style=\"font-family: verdana,geneva; font-size: 10pt; color: #339966;\"> &#8211; Participar en la gesti\u00f3n institucional educativa. <\/span><br \/>\n<span style=\"font-family: verdana,geneva; font-size: 10pt; color: #339966;\"> &#8211; Elaborar, dirigir, implementar y evaluar planes, programas y proyectos en los distintos niveles del sistema educativo relacionados con la disciplina, especialidades y \u00e1reas vinculadas a la misma. <\/span><br \/>\n<span style=\"font-family: verdana,geneva; font-size: 10pt; color: #339966;\"> &#8211; Integrar equipos de investigaci\u00f3n sobre temas de la especialidad y sobre problem\u00e1ticas educativas en el aula o en las instituciones educativas.<\/span><\/p>\n<table width=\"0\">\n<tbody>\n<tr>\n<td style=\"text-align: center;\" colspan=\"5\" width=\"888\"><strong>HORARIOS 2023<\/strong><\/td>\n<\/tr>\n<tr>\n<td colspan=\"5\" width=\"888\"><strong>PLAN NUEVO RES 3608\/22:<\/strong>1er a\u00f1o Cursa Turno Vespertino (Tarde-Noche)<\/p>\n<p><strong><a href=\"https:\/\/drive.google.com\/file\/d\/1Q2ywFR14GfAeYxYB868FPEKAwi_8Eb9N\/view?usp=share_link\" target=\"_blank\" rel=\"noopener\">Horarios 1er A\u00f1o<\/a><br \/>\n<\/strong><\/td>\n<\/tr>\n<tr>\n<td colspan=\"5\" width=\"888\"><strong>PLAN VIEJO RES 25\/03 y 13259\/99:<\/strong>Cursa Turno Vespertino (Tarde-Noche):<\/p>\n<p><strong><a href=\"https:\/\/drive.google.com\/file\/d\/1qBONqUXenF8SblSCF8-9sSjmnCLv27Js\/view?usp=share_link\" target=\"_blank\" rel=\"noopener\">Horarios 3er A\u00f1o<\/a><\/strong><\/td>\n<\/tr>\n<\/tbody>\n<\/table>\n","protected":false},"excerpt":{"rendered":"<p>DURACI\u00d3N 4 a\u00f1os REQUISITOS DE INGRESO: T\u00edtulo del Nivel Medio o Polimodal. Resoluci\u00f3n Vieja N\u00b0 13259\/99 Resoluci\u00f3n Nueva N\u00b0 3608\/22 Turno: Vespertino Modalidad de Cursada: Presencial Objetivos: El plan de estudios de la carrera de Profesorado de Geograf\u00eda propone que los alumnos logren: &#8211; Adquirir los conocimientos te\u00f3ricos, metodol\u00f3gicos y t\u00e9cnicos de la ciencia geogr\u00e1fica &#8230; <a title=\"Profesorado de Geograf\u00eda\" class=\"read-more\" href=\"https:\/\/isfdyt43-bue.infd.edu.ar\/sitio\/profesorado-de-geografia\/\" aria-label=\"More on Profesorado de Geograf\u00eda\">[+]<\/a><\/p>\n","protected":false},"author":65,"featured_media":0,"parent":0,"menu_order":0,"comment_status":"closed","ping_status":"closed","template":"","meta":[],"acf":[],"_links":{"self":[{"href":"https:\/\/isfdyt43-bue.infd.edu.ar\/sitio\/wp-json\/wp\/v2\/pages\/851"}],"collection":[{"href":"https:\/\/isfdyt43-bue.infd.edu.ar\/sitio\/wp-json\/wp\/v2\/pages"}],"about":[{"href":"https:\/\/isfdyt43-bue.infd.edu.ar\/sitio\/wp-json\/wp\/v2\/types\/page"}],"author":[{"embeddable":true,"href":"https:\/\/isfdyt43-bue.infd.edu.ar\/sitio\/wp-json\/wp\/v2\/users\/65"}],"replies":[{"embeddable":true,"href":"https:\/\/isfdyt43-bue.infd.edu.ar\/sitio\/wp-json\/wp\/v2\/comments?post=851"}],"version-history":[{"count":16,"href":"https:\/\/isfdyt43-bue.infd.edu.ar\/sitio\/wp-json\/wp\/v2\/pages\/851\/revisions"}],"predecessor-version":[{"id":3519,"href":"https:\/\/isfdyt43-bue.infd.edu.ar\/sitio\/wp-json\/wp\/v2\/pages\/851\/revisions\/3519"}],"wp:attachment":[{"href":"https:\/\/isfdyt43-bue.infd.edu.ar\/sitio\/wp-json\/wp\/v2\/media?parent=851"}],"curies":[{"name":"wp","href":"https:\/\/api.w.org\/{rel}","templated":true}]}}