{"id":855,"date":"2018-07-02T18:53:08","date_gmt":"2018-07-02T21:53:08","guid":{"rendered":"https:\/\/isfdyt43-bue.infd.edu.ar\/sitio\/tecnicatura-en-analisis-clinicos\/"},"modified":"2025-10-15T21:17:56","modified_gmt":"2025-10-16T00:17:56","slug":"tecnicatura-en-analisis-clinicos","status":"publish","type":"page","link":"https:\/\/isfdyt43-bue.infd.edu.ar\/sitio\/tecnicatura-en-analisis-clinicos\/","title":{"rendered":"Tecnicatura en Laboratorio de An\u00e1lisis Cl\u00ednicos"},"content":{"rendered":"<p><img decoding=\"async\" loading=\"lazy\" class=\"alignnone size-medium wp-image-4496\" src=\"https:\/\/isfdyt43-bue.infd.edu.ar\/sitio\/wp-content\/uploads\/2025\/10\/BannersAnalisisClinicos-1-1000x369.jpg\" alt=\"\" width=\"1000\" height=\"369\" srcset=\"https:\/\/isfdyt43-bue.infd.edu.ar\/sitio\/wp-content\/uploads\/2025\/10\/BannersAnalisisClinicos-1-1000x369.jpg 1000w, https:\/\/isfdyt43-bue.infd.edu.ar\/sitio\/wp-content\/uploads\/2025\/10\/BannersAnalisisClinicos-1-768x284.jpg 768w, https:\/\/isfdyt43-bue.infd.edu.ar\/sitio\/wp-content\/uploads\/2025\/10\/BannersAnalisisClinicos-1.jpg 1346w\" sizes=\"(max-width: 1000px) 100vw, 1000px\" \/><\/p>\n<p style=\"text-align: center;\"><span style=\"font-family: verdana,geneva; font-size: 10pt; color: #339966;\"><strong>DURACI\u00d3N 3 a\u00f1os\u00a0<\/strong><\/span><\/p>\n<p style=\"text-align: center;\"><span style=\"font-family: verdana,geneva; font-size: 10pt; color: #339966;\"><strong>REQUISITOS DE INSCRIPCION: Tener T\u00edtulo del Nivel Medio o Polimodal.\u00a0<\/strong><\/span><\/p>\n<p style=\"text-align: center;\"><span style=\"font-family: verdana,geneva; font-size: 10pt; color: #339966;\"><strong>Resoluci\u00f3n N\u00b0 <a href=\"https:\/\/isfdyt43-bue.infd.edu.ar\/sitio\/wp-content\/uploads\/2019\/12\/Analisis-cl\u00ednicos-205-18-Anexo.pdf\" target=\"_blank\" rel=\"noopener\">205\/18<\/a><\/strong><\/span><\/p>\n<p style=\"text-align: center;\"><span style=\"font-family: verdana,geneva; font-size: 10pt; color: #339966;\"><strong><span style=\"color: #339966; font-family: verdana,geneva; font-size: 10pt;\"><strong>Turno: Vespertino<\/strong><\/span><\/strong><\/span><\/p>\n<p style=\"text-align: center;\"><span style=\"font-family: verdana,geneva; font-size: 10pt; color: #339966;\"><strong><span style=\"color: #339966; font-family: verdana,geneva; font-size: 10pt;\"><strong>Modalidad de Cursada: Presencial<\/strong><\/span><\/strong><\/span><\/p>\n<p><span style=\"text-decoration: underline;\"><span style=\"font-family: verdana,geneva; font-size: 10pt; color: #339966;\"><strong>\u00c1REA OCUPACIONAL<\/strong><\/span><\/span><\/p>\n<p><span style=\"font-family: verdana,geneva; font-size: 10pt; color: #339966;\">El Tecn\u00f3logo en Salud con especialidad en Laboratorio de An\u00e1lisis Cl\u00ednicos desarrollar\u00e1 su ejercicio como profesional no universitario en los siguientes \u00e1mbitos seg\u00fan el marco legal vigente.<\/span><\/p>\n<p><span style=\"font-family: verdana,geneva; font-size: 10pt; color: #339966;\">&#8211; Sistema de Salud\u2013Subsector P\u00fablico, Privado, y Obras Sociales en todos los niveles de atenci\u00f3n y Programas Sanitarios.<\/span><\/p>\n<p><span style=\"font-family: verdana,geneva; font-size: 10pt; color: #339966;\">&#8211; Sistema Educativo de Gesti\u00f3n P\u00fablica y Privada.<\/span><\/p>\n<p><span style=\"font-family: verdana,geneva; font-size: 10pt; color: #339966;\">&#8211; Organizaciones No Gubernamentales (O.N.G.) y Gubernamentales.<\/span><\/p>\n<p><span style=\"font-family: verdana,geneva; font-size: 10pt; color: #339966;\">&#8211; Establecimientos Industriales.<\/span><\/p>\n<p><span style=\"font-family: verdana,geneva; font-size: 10pt; color: #339966;\">&#8211; Empresas.<\/span><\/p>\n<p><span style=\"font-family: verdana,geneva; font-size: 10pt; color: #339966;\">&#8211; Otras Organizaciones.<\/span><\/p>\n<p><span style=\"text-decoration: underline;\"><span style=\"font-family: verdana,geneva; font-size: 10pt; color: #339966;\"><strong>\u00c1REAS DE COMPETENCIA<\/strong><\/span><\/span><\/p>\n<p><span style=\"font-family: verdana,geneva; font-size: 10pt; color: #339966;\"><strong>1)\u00a0\u00a0\u00a0\u00a0 Realizar los procesos t\u00e9cnicos espec\u00edficos contribuyendo a la promoci\u00f3n de la salud, a la prevenci\u00f3n de enfermedades, a la realizaci\u00f3n del diagn\u00f3stico y\/o tratamiento, a la recuperaci\u00f3n y rehabilitaci\u00f3n de la persona, familia y comunidad.<\/strong><\/span><\/p>\n<p><span style=\"font-family: verdana,geneva; font-size: 10pt; color: #339966;\">Sub \u00c1reas de Competencia<\/span><\/p>\n<p><span style=\"font-family: verdana,geneva; font-size: 10pt; color: #339966;\"><strong>a)\u00a0\u00a0\u00a0\u00a0 <\/strong>Organizar, preparar y\/o acondicionar los elementos e insumos necesarios para los procesos t\u00e9cnicos espec\u00edficos.<\/span><\/p>\n<p><span style=\"font-family: verdana,geneva; font-size: 10pt; color: #339966;\"><strong>b)\u00a0\u00a0\u00a0\u00a0 <\/strong>Realizar los procedimientos t\u00e9cnicos espec\u00edficos y verificar los resultados obtenidos.<\/span><\/p>\n<p><span style=\"font-family: verdana,geneva; font-size: 10pt; color: #339966;\"><strong>c)\u00a0\u00a0\u00a0\u00a0 <\/strong>Cumplir y verificar el cumplimiento de las normas de bioseguridad.<\/span><\/p>\n<p><span style=\"font-family: verdana,geneva; font-size: 10pt; color: #339966;\"><strong>d)\u00a0\u00a0\u00a0\u00a0 <\/strong>Informar oportunamente a quien corresponda el resultado de su trabajo.<\/span><\/p>\n<p><strong><span style=\"font-family: verdana,geneva; font-size: 10pt; color: #339966;\">2)\u00a0\u00a0\u00a0\u00a0 Contribuir a la gesti\u00f3n de la calidad de los procesos de atenci\u00f3n en los que interviene.<\/span><\/strong><\/p>\n<p><span style=\"font-family: verdana,geneva; font-size: 10pt; color: #339966;\">Sub \u00c1reas de Competencia<\/span><\/p>\n<p><span style=\"font-family: verdana,geneva; font-size: 10pt; color: #339966;\"><strong>a)\u00a0\u00a0\u00a0\u00a0 <\/strong>Realizar el control de calidad de los insumos, del equipamiento, del instrumental, de las t\u00e9cnicas utilizadas y de los productos obtenidos.<\/span><\/p>\n<p><span style=\"font-family: verdana,geneva; font-size: 10pt; color: #339966;\"><strong>b)\u00a0\u00a0\u00a0\u00a0 <\/strong>Integrar programas de gesti\u00f3n de calidad.<\/span><\/p>\n<p><strong><span style=\"font-family: verdana,geneva; font-size: 10pt; color: #339966;\">3)\u00a0\u00a0\u00a0\u00a0 Participar en los procesos de gesti\u00f3n y administraci\u00f3n de su \u00e1rea ocupacional espec\u00edfica.<\/span><\/strong><\/p>\n<p><span style=\"font-family: verdana,geneva; font-size: 10pt; color: #339966;\">Sub \u00c1reas de Competencia<\/span><\/p>\n<p><span style=\"font-family: verdana,geneva; font-size: 10pt; color: #339966;\"><strong>a)\u00a0\u00a0\u00a0\u00a0 <\/strong>Participar en la planificaci\u00f3n de los procesos de trabajo.<\/span><\/p>\n<p><span style=\"font-family: verdana,geneva; font-size: 10pt; color: #339966;\"><strong>b)\u00a0\u00a0\u00a0\u00a0 <\/strong>Participar en la organizaci\u00f3n y administraci\u00f3n de los recursos materiales y humanos pertinentes.<\/span><\/p>\n<p><span style=\"font-family: verdana,geneva; font-size: 10pt; color: #339966;\"><strong>c)\u00a0\u00a0\u00a0\u00a0 <\/strong>Registrar y evaluar la informaci\u00f3n referente a los procesos a su cargo.<\/span><\/p>\n<p><strong><span style=\"font-family: verdana,geneva; font-size: 10pt; color: #339966;\">4)\u00a0\u00a0\u00a0\u00a0 Integrar el equipo de salud a fin de desarrollar el trabajo interdisciplinario en los \u00e1mbitos extra e interinstitucionales, interjurisdiccional, interregional e internacional.<\/span><\/strong><\/p>\n<p><span style=\"font-family: verdana,geneva; font-size: 10pt; color: #339966;\">Sub \u00c1reas de Competencia<\/span><\/p>\n<p><span style=\"font-family: verdana,geneva; font-size: 10pt; color: #339966;\"><strong>a)\u00a0\u00a0\u00a0\u00a0 <\/strong>Integrar grupos de trabajo intra e interinstitucionales, interjurisdiccionales, interregionales e internacionales inherentes a su especialidad.<\/span><\/p>\n<p><span style=\"font-family: verdana,geneva; font-size: 10pt; color: #339966;\"><strong>b)\u00a0\u00a0\u00a0\u00a0 <\/strong>Participar en Planes y Programas Sanitarios.<\/span><\/p>\n<p><strong><span style=\"font-family: verdana,geneva; font-size: 10pt; color: #339966;\">5)\u00a0\u00a0\u00a0\u00a0 Promover y participar en los procesos de educaci\u00f3n en salud.<\/span><\/strong><\/p>\n<p><span style=\"font-family: verdana,geneva; font-size: 10pt; color: #339966;\">Sub \u00c1reas de Competencia<\/span><\/p>\n<p><span style=\"font-family: verdana,geneva; font-size: 10pt; color: #339966;\"><strong>a)\u00a0\u00a0\u00a0\u00a0 <\/strong>Organizar y participar en programas y acciones de educaci\u00f3n permanente.<\/span><\/p>\n<p><span style=\"font-family: verdana,geneva; font-size: 10pt; color: #339966;\"><strong>b)\u00a0\u00a0\u00a0\u00a0 <\/strong>Participar en los proyectos educativos de los Recursos Humanos de la especialidad.<\/span><\/p>\n<p><span style=\"font-family: verdana,geneva; font-size: 10pt; color: #339966;\"><strong>c)\u00a0\u00a0\u00a0 <\/strong>Programar acciones educativas individuales y colectivas para la promoci\u00f3n y prevenci\u00f3n en salud.<\/span><\/p>\n<p><strong><span style=\"font-family: verdana,geneva; font-size: 10pt; color: #339966;\">6)\u00a0\u00a0\u00a0\u00a0 Participar en los procesos de investigaci\u00f3n disciplinar e interdisciplinar.<\/span><\/strong><\/p>\n<p><span style=\"font-family: verdana,geneva; font-size: 10pt; color: #339966;\">Sub \u00c1reas de Competencia<\/span><\/p>\n<p><span style=\"font-family: verdana,geneva; font-size: 10pt; color: #339966;\"><strong>a)\u00a0\u00a0\u00a0\u00a0 <\/strong>Investigar la aplicaci\u00f3n de tecnolog\u00edas en el \u00e1rea.<\/span><\/p>\n<p><span style=\"font-family: verdana,geneva; font-size: 10pt; color: #339966;\"><strong>b)\u00a0\u00a0\u00a0\u00a0 <\/strong>Investigar en relaci\u00f3n a la innovaci\u00f3n y exploraci\u00f3n de procedimientos t\u00e9cnicos espec\u00edficos aplicables para el diagn\u00f3stico y tratamiento, en las diversas especialidades.<\/span><\/p>\n<p><span style=\"font-family: verdana,geneva; font-size: 10pt; color: #339966;\"><strong>c)\u00a0\u00a0\u00a0 <\/strong>Intervenir en investigaciones interdisciplinarias.<\/span><\/p>\n<table>\n<thead>\n<tr>\n<td colspan=\"3\">\n<p style=\"text-align: center;\"><strong>DISE\u00d1O CURRICULAR \u2013 RESOLUCI\u00d3N 205\/18<\/strong><\/p>\n<\/td>\n<\/tr>\n<tr>\n<td>\n<p style=\"text-align: center;\"><strong>PRIMER A\u00d1O<\/strong><\/p>\n<\/td>\n<td>\n<p style=\"text-align: center;\"><strong>SEGUNDO A\u00d1O<\/strong><\/p>\n<\/td>\n<td>\n<p style=\"text-align: center;\"><strong>TERCER A\u00d1O<\/strong><\/p>\n<\/td>\n<\/tr>\n<\/thead>\n<tbody>\n<tr>\n<td>Ingl\u00e9s<\/td>\n<td>Metodolog\u00eda de la Investigaci\u00f3n<\/td>\n<td>Bio\u00e9tica<\/td>\n<\/tr>\n<tr>\n<td>Salud P\u00fablica<\/td>\n<td>Organizaci\u00f3n y Gesti\u00f3n de los Servicios de Salud<\/td>\n<td>Investigaci\u00f3n de Servicios de Salud<\/td>\n<\/tr>\n<tr>\n<td>Biolog\u00eda Humana<\/td>\n<td>Qu\u00edmica Biol\u00f3gica<\/td>\n<td>Procesos de Laboratorio 2<\/td>\n<\/tr>\n<tr>\n<td>Procesos Tecnol\u00f3gicos en Salud<\/td>\n<td>Procesos de Laboratorio 1<\/td>\n<td>Control de Calidad<\/td>\n<\/tr>\n<tr>\n<td>Matem\u00e1tica<\/td>\n<td>Comunicaci\u00f3n<\/td>\n<td>Gesti\u00f3n del Laboratorio<\/td>\n<\/tr>\n<tr>\n<td>F\u00edsico Qu\u00edmica<\/td>\n<td>Seguridad e Higiene<\/td>\n<td>Pr\u00e1ctica Profesionalizante 3<\/td>\n<\/tr>\n<tr>\n<td>Pr\u00e1ctica Profesionalizante 1<\/td>\n<td>Pr\u00e1ctica Profesionalizante 2<\/td>\n<td>\u00a0<\/td>\n<\/tr>\n<\/tbody>\n<\/table>\n\n\n<p class=\"has-text-align-center\"><strong><strong><a rel=\"noreferrer noopener\" href=\"https:\/\/drive.google.com\/file\/d\/1L-BnhB6lsa2Cm2HmCjZZBNRSdtmx9M1M\/view?usp=share_link\" target=\"_blank\">Horarios<\/a><\/strong><\/strong> <strong>2023<\/strong><\/p>\n","protected":false},"excerpt":{"rendered":"<p>DURACI\u00d3N 3 a\u00f1os\u00a0 REQUISITOS DE INSCRIPCION: Tener T\u00edtulo del Nivel Medio o Polimodal.\u00a0 Resoluci\u00f3n N\u00b0 205\/18 Turno: Vespertino Modalidad de Cursada: Presencial \u00c1REA OCUPACIONAL El Tecn\u00f3logo en Salud con especialidad en Laboratorio de An\u00e1lisis Cl\u00ednicos desarrollar\u00e1 su ejercicio como profesional no universitario en los siguientes \u00e1mbitos seg\u00fan el marco legal vigente. &#8211; Sistema de Salud\u2013Subsector &#8230; <a title=\"Tecnicatura en Laboratorio de An\u00e1lisis Cl\u00ednicos\" class=\"read-more\" href=\"https:\/\/isfdyt43-bue.infd.edu.ar\/sitio\/tecnicatura-en-analisis-clinicos\/\" aria-label=\"More on Tecnicatura en Laboratorio de An\u00e1lisis Cl\u00ednicos\">[+]<\/a><\/p>\n","protected":false},"author":65,"featured_media":0,"parent":0,"menu_order":0,"comment_status":"closed","ping_status":"closed","template":"","meta":[],"acf":[],"_links":{"self":[{"href":"https:\/\/isfdyt43-bue.infd.edu.ar\/sitio\/wp-json\/wp\/v2\/pages\/855"}],"collection":[{"href":"https:\/\/isfdyt43-bue.infd.edu.ar\/sitio\/wp-json\/wp\/v2\/pages"}],"about":[{"href":"https:\/\/isfdyt43-bue.infd.edu.ar\/sitio\/wp-json\/wp\/v2\/types\/page"}],"author":[{"embeddable":true,"href":"https:\/\/isfdyt43-bue.infd.edu.ar\/sitio\/wp-json\/wp\/v2\/users\/65"}],"replies":[{"embeddable":true,"href":"https:\/\/isfdyt43-bue.infd.edu.ar\/sitio\/wp-json\/wp\/v2\/comments?post=855"}],"version-history":[{"count":15,"href":"https:\/\/isfdyt43-bue.infd.edu.ar\/sitio\/wp-json\/wp\/v2\/pages\/855\/revisions"}],"predecessor-version":[{"id":4497,"href":"https:\/\/isfdyt43-bue.infd.edu.ar\/sitio\/wp-json\/wp\/v2\/pages\/855\/revisions\/4497"}],"wp:attachment":[{"href":"https:\/\/isfdyt43-bue.infd.edu.ar\/sitio\/wp-json\/wp\/v2\/media?parent=855"}],"curies":[{"name":"wp","href":"https:\/\/api.w.org\/{rel}","templated":true}]}}