{"id":883,"date":"2018-07-02T18:53:19","date_gmt":"2018-07-02T21:53:19","guid":{"rendered":"https:\/\/isfdyt43-bue.infd.edu.ar\/sitio\/normativas\/"},"modified":"2025-12-12T20:57:58","modified_gmt":"2025-12-12T23:57:58","slug":"normativas","status":"publish","type":"page","link":"https:\/\/isfdyt43-bue.infd.edu.ar\/sitio\/normativas\/","title":{"rendered":"Normativas"},"content":{"rendered":"<p><img decoding=\"async\" loading=\"lazy\" src=\"https:\/\/isfdyt43-bue.infd.edu.ar\/sitio\/wp-content\/uploads\/2018\/07\/Banner_Normativas.jpg\" alt=\"Normativas\" width=\"800\" height=\"330\" border=\"0\" \/><\/p>\n<ul>\n<li><span style=\"font-family: verdana,geneva; font-size: 10pt; color: #339966;\"><span style=\"color: #339966;\">RESOLUCI\u00d3N <a title=\"01 - Resolucion 5886-03\" href=\"upload\/01_-_Resolucion_5886_cobertura_de_catedra.pdf\" target=\"_blank\" rel=\"noopener\"><strong>N\u00ba5886\/03<\/strong><\/a><\/span> &#8211; <a title=\"Anexo III - Resolucion 5886\" href=\"upload\/Anexo_III_-_Resolucion_5886.docx\" target=\"_blank\" rel=\"noopener\"><strong>ANEXO III<\/strong><\/a> PARA COBERTURA DE CARGOS (Vigente hasta el 31-12-2025) <\/span><\/li>\n<li><span style=\"font-family: verdana,geneva; font-size: 10pt; color: #339966;\">RESOLUCI\u00d3N <a href=\"https:\/\/drive.google.com\/file\/d\/1rXIhB6TQMKCjCRO4iu3RZUKzGoAsTXqm\/view\" target=\"_blank\" rel=\"noopener\"><strong>N\u00b06179\/25<\/strong><\/a> &#8211; PARA COBERTURA DE CARGOS (Vigente a partir del 01-01-2026)<\/span><\/li>\n<li><span style=\"font-family: verdana,geneva; font-size: 10pt; color: #339966;\"><a href=\"https:\/\/drive.google.com\/file\/d\/1LWXvm5TenXp7JJsEUHGa-sbcVWJe-Xti\/view?usp=sharing\">GU\u00cdA 2025 PARA LA ELABORACI\u00d3N DE PROPUESTA CURRICULAR<\/a>.<br \/>\n<\/span><\/li>\n<li><span style=\"font-family: verdana,geneva; font-size: 10pt; color: #339966;\">RESOLUCI\u00d3N MINISTERIAL <a title=\"06 - Resoluci\u00f3n 4043-09\" href=\"upload\/06_-_Resolucion_4043-09.pdf\" target=\"_blank\" rel=\"noopener\">N\u00b0<strong>4043\/09<\/strong><\/a> -R\u00c9GIMEN ACAD\u00c9MICO MARCO JURISDICCIONAL (<strong>Valido hasta el Ciclo Lectivo 2024<\/strong>)<br \/>\n<\/span><\/li>\n<li><span style=\"font-family: verdana,geneva; font-size: 10pt; color: #339966;\">RESOLUCI\u00d3N MINISTERIAL N\u00b0<a href=\"https:\/\/drive.google.com\/drive\/folders\/19tWfWD1Vx6nHhA8v5Nt7HAiXuZyzSy39?usp=sharing\" target=\"_blank\" rel=\"noopener\"><strong>4196\/24<\/strong><\/a> -R\u00c9GIMEN ACAD\u00c9MICO MARCO JURISDICCIONAL (<strong>Valido a partir del Ciclo Lectivo 2025<\/strong>)<\/span><\/li>\n<li><span style=\"font-family: verdana,geneva; font-size: 10pt; color: #339966;\">R\u00c9GIMEN ACAD\u00c9MICO INSTITUCIONAL (<strong>EN CONSTRUCCI\u00d3N<\/strong>)<\/span><\/li>\n<li><span style=\"font-family: verdana,geneva; font-size: 10pt; color: #339966;\"><span style=\"font-family: verdana,geneva; font-size: 10pt; color: #339966;\">RESOLUCI\u00d3N MINISTERIAL<\/span> <a href=\"http:\/\/abc.gob.ar\/secundaria\/sites\/default\/files\/2343-17_resolucion_practicas_formativas_en_ambientes_de_trabajo_2.pdf\" target=\"_blank\" rel=\"noopener\">N\u00b0<strong>2343\/17<\/strong><\/a> (PR\u00c1CTICAS PROFESIONALIZANTES) CARRERAS T\u00c9CNICAS<\/span><\/li>\n<li><span style=\"font-family: verdana,geneva; font-size: 10pt; color: #339966;\">ESTATUTO DEL DOCENTE. LEY <a title=\"10 - Ley_10679\" href=\"upload\/10_-_Ley_10679_estatuto_doc_y_dec_reg.pdf\" target=\"_blank\" rel=\"noopener\">N\u00b0<strong>10579<\/strong><\/a><strong>.<\/strong><\/span><\/li>\n<li><span style=\"font-family: verdana,geneva; font-size: 10pt; color: #339966;\">DECRETO <a title=\"11 - Decreto 2299-12\" href=\"upload\/11_-_Decreto_2299-12_reglamento_general.pdf\" target=\"_blank\" rel=\"noopener\">N\u00ba<strong>2299\/11<\/strong><\/a> -REGLAMENTO GENERAL DE INSTITUCIONES EDUCATIVAS DE LA PROV. DE BS AS (NUEVO)<\/span><\/li>\n<li><span style=\"font-family: verdana,geneva; font-size: 10pt; color: #339966;\"> REGLAMENTO GENERAL DE INSTITUTOS DE EDUCACI\u00d3N SUPERIOR <strong><a href=\"https:\/\/drive.google.com\/file\/d\/1EI3GtSSj_jv465Wk4dND1KiPVFzbhWA1\/view\" target=\"_blank\" rel=\"noopener\">2383\/05<\/a><\/strong><br \/>\n<\/span><\/li>\n<li><span style=\"font-family: verdana,geneva; font-size: 10pt; color: #339966;\">LEY <a href=\"https:\/\/isfdyt43-bue.infd.edu.ar\/sitio\/wp-content\/uploads\/2019\/05\/REGIMEN-DE-INASISTENCIA-PARA-ALUMNAS-EMBARAZADAS.pdf\" target=\"_blank\" rel=\"noopener\"><strong>11.273<\/strong><\/a> &#8211;\u00a0R\u00c9GIMEN DE INASISTENCIA PARA ALUMNAS EMBARAZADAS<\/span><\/li>\n<li><span style=\"font-family: verdana,geneva; font-size: 10pt; color: #339966;\"> SALIDAS EDUCATIVAS &#8211; RESOLUCI\u00d3N N\u00b0 <strong><a href=\"https:\/\/drive.google.com\/file\/d\/17EMXLYRJfgmA-NbcdSiImjBJ1TRWLSLp\/view?usp=sharing\" target=\"_blank\" rel=\"noopener\">3871\/24<\/a> y <a href=\"https:\/\/drive.google.com\/drive\/folders\/15ZUhG_qL75zOHaVg9MPUawSwsi77HUIK?usp=sharing\" target=\"_blank\" rel=\"noopener\">Anexos Editables de Salidas Educativas<\/a><\/strong><br \/>\n<\/span><\/li>\n<li><span style=\"font-family: verdana,geneva; font-size: 10pt; color: #339966;\"><a href=\"https:\/\/drive.google.com\/file\/d\/1F9J2dmFCZwDvsiqywNhsIU1fJc7LDscn\/view?usp=sharing\" target=\"_blank\" rel=\"noopener\">REGLAMENTO INSTITUCIONAL DE PRACTICAS DOCENTES<\/a> <strong>2024<\/strong> Y <a href=\"https:\/\/docs.google.com\/document\/d\/1LdWsDNHL4u5nuEVJss6N5UCN5vrOow9R\/edit?usp=sharing&amp;ouid=103468642786047333586&amp;rtpof=true&amp;sd=true\" target=\"_blank\" rel=\"noopener\">ANEXOS<\/a><br \/>\n<\/span><\/li>\n<li><span style=\"font-family: verdana,geneva; font-size: 10pt; color: #339966;\"><a href=\"https:\/\/drive.google.com\/file\/d\/18Knz3MC6eRuWL8fAz6cRahn5J-sSAlEw\/view?usp=sharing\" target=\"_blank\" rel=\"noopener\">REGLAMENTO INSTITUCIONAL DE PRACTICAS PROFESIONALIZANTES<\/a> <strong>2024<\/strong><br \/>\n<\/span><\/li>\n<li><span style=\"color: #333399;\"><a style=\"color: #333399;\" href=\"https:\/\/drive.google.com\/file\/d\/1OleZpa7VZWZM8Y-puUxwEC3JvDd6fv01\/view?usp=sharing\" target=\"_blank\" rel=\"noopener\"><span style=\"font-family: verdana, geneva; font-size: 10pt;\"> ACUERDO DE CONVIVENCIA<strong> 2023-2024<\/strong><\/span><\/a><\/span><span style=\"font-family: verdana,geneva; font-size: 10pt; color: #339966;\"><br \/>\n<\/span><\/li>\n<\/ul>\n","protected":false},"excerpt":{"rendered":"<p>RESOLUCI\u00d3N N\u00ba5886\/03 &#8211; ANEXO III PARA COBERTURA DE CARGOS (Vigente hasta el 31-12-2025) RESOLUCI\u00d3N N\u00b06179\/25 &#8211; PARA COBERTURA DE CARGOS (Vigente a partir del 01-01-2026) GU\u00cdA 2025 PARA LA ELABORACI\u00d3N DE PROPUESTA CURRICULAR. RESOLUCI\u00d3N MINISTERIAL N\u00b04043\/09 -R\u00c9GIMEN ACAD\u00c9MICO MARCO JURISDICCIONAL (Valido hasta el Ciclo Lectivo 2024) RESOLUCI\u00d3N MINISTERIAL N\u00b04196\/24 -R\u00c9GIMEN ACAD\u00c9MICO MARCO JURISDICCIONAL (Valido a &#8230; <a title=\"Normativas\" class=\"read-more\" href=\"https:\/\/isfdyt43-bue.infd.edu.ar\/sitio\/normativas\/\" aria-label=\"More on Normativas\">[+]<\/a><\/p>\n","protected":false},"author":65,"featured_media":0,"parent":0,"menu_order":0,"comment_status":"closed","ping_status":"closed","template":"","meta":[],"acf":[],"_links":{"self":[{"href":"https:\/\/isfdyt43-bue.infd.edu.ar\/sitio\/wp-json\/wp\/v2\/pages\/883"}],"collection":[{"href":"https:\/\/isfdyt43-bue.infd.edu.ar\/sitio\/wp-json\/wp\/v2\/pages"}],"about":[{"href":"https:\/\/isfdyt43-bue.infd.edu.ar\/sitio\/wp-json\/wp\/v2\/types\/page"}],"author":[{"embeddable":true,"href":"https:\/\/isfdyt43-bue.infd.edu.ar\/sitio\/wp-json\/wp\/v2\/users\/65"}],"replies":[{"embeddable":true,"href":"https:\/\/isfdyt43-bue.infd.edu.ar\/sitio\/wp-json\/wp\/v2\/comments?post=883"}],"version-history":[{"count":37,"href":"https:\/\/isfdyt43-bue.infd.edu.ar\/sitio\/wp-json\/wp\/v2\/pages\/883\/revisions"}],"predecessor-version":[{"id":4627,"href":"https:\/\/isfdyt43-bue.infd.edu.ar\/sitio\/wp-json\/wp\/v2\/pages\/883\/revisions\/4627"}],"wp:attachment":[{"href":"https:\/\/isfdyt43-bue.infd.edu.ar\/sitio\/wp-json\/wp\/v2\/media?parent=883"}],"curies":[{"name":"wp","href":"https:\/\/api.w.org\/{rel}","templated":true}]}}