{"id":888,"date":"2018-07-02T18:53:21","date_gmt":"2018-07-02T21:53:21","guid":{"rendered":"https:\/\/isfdyt43-bue.infd.edu.ar\/sitio\/profesorado-de-quimica\/"},"modified":"2023-09-29T19:20:09","modified_gmt":"2023-09-29T22:20:09","slug":"profesorado-de-quimica","status":"publish","type":"page","link":"https:\/\/isfdyt43-bue.infd.edu.ar\/sitio\/profesorado-de-quimica\/","title":{"rendered":"Profesorado de Qu\u00edmica"},"content":{"rendered":"<p><img decoding=\"async\" loading=\"lazy\" src=\"https:\/\/isfdyt43-bue.infd.edu.ar\/sitio\/wp-content\/uploads\/2018\/07\/Banners-1.jpg\" alt=\"Quimica\" width=\"800\" height=\"306\" border=\"0\" \/><\/p>\n<p style=\"text-align: center;\"><span style=\"font-family: verdana, geneva; font-size: 10pt; color: #339966;\"><strong>DURACI\u00d3N 4 a\u00f1os<\/strong><\/span><\/p>\n<p style=\"text-align: center;\"><span style=\"font-family: verdana, geneva; font-size: 10pt; color: #339966;\"><strong>Carrera de Ciclo Cerrado<\/strong><\/span><\/p>\n<p style=\"text-align: center;\"><span style=\"font-family: verdana, geneva; font-size: 10pt; color: #339966;\"><strong>REQUISITOS DE INGRESO: T\u00edtulo del Nivel Medio o Polimodal.<\/strong><\/span><\/p>\n<p style=\"text-align: center;\"><span style=\"font-family: verdana, geneva; font-size: 10pt; color: #339966;\"><strong>Resoluci\u00f3n Vieja N\u00b0 <a title=\"Resolusion 13259 Quimica\" href=\"upload\/13259-99-modif-por-3581-00quimica.pdf\" target=\"_blank\" rel=\"noopener\">13259-99<\/a><\/strong><\/span><\/p>\n<p style=\"text-align: center;\"><span style=\"font-family: verdana, geneva; font-size: 10pt; color: #339966;\"><strong>Turno Vespertino <\/strong><\/span><\/p>\n<p style=\"text-align: center;\"><span style=\"font-family: verdana, geneva; font-size: 10pt; color: #339966;\"><strong>Modalidad de Cursada: Presencial<br \/>\n<\/strong><\/span><\/p>\n<p style=\"box-sizing: border-box; font-family: 'Open Sans'; margin: 0px 0px 20px; font-size: 15px; color: #7b8288 !important; font-style: normal; font-variant-ligatures: normal; font-variant-caps: normal; font-weight: 400; letter-spacing: normal; text-align: start; text-indent: 0px; text-transform: none; white-space: normal; word-spacing: 0px; -webkit-text-stroke-width: 0px;\"><strong><span style=\"font-family: verdana, geneva, sans-serif; font-size: 10pt; color: #00ff00;\"><span style=\"color: #339966;\">Campo Ocupacional:<br \/>\n<\/span><\/span><\/strong><span style=\"font-family: verdana, geneva, sans-serif; font-size: 10pt; color: #339966;\">\u2022 Planifica, gestiona, conduce y eval\u00faa procesos de ense\u00f1anza y aprendizaje de la qu\u00edmica en los diferentes niveles educativos<\/span><br style=\"box-sizing: border-box; font-family: 'Open Sans' !important; margin-bottom: 0px !important;\" \/><span style=\"font-family: verdana, geneva, sans-serif; font-size: 10pt; color: #339966;\">\u2022 Dise\u00f1a, construye y optimiza materiales, equipos, instrumentos, sistemas y componentes dedicados a la ense\u00f1anza de la disciplina<\/span><br style=\"box-sizing: border-box; font-family: 'Open Sans' !important; margin-bottom: 0px !important;\" \/><span style=\"font-family: verdana, geneva, sans-serif; font-size: 10pt; color: #339966;\">\u2022 Gestiona, administra y organiza unidades y servicios educativos<\/span><br style=\"box-sizing: border-box; font-family: 'Open Sans' !important; margin-bottom: 0px !important;\" \/><span style=\"font-family: verdana, geneva, sans-serif; font-size: 10pt; color: #339966;\">\u2022 Dise\u00f1a, dirige, participa y eval\u00faa proyectos de investigaci\u00f3n educativa relacionados con la qu\u00edmica.<\/span><\/p>\n<p style=\"text-align: center;\"><strong>Horarios 2023<\/strong><\/p>\n<p style=\"text-align: center;\"><strong><a href=\"https:\/\/drive.google.com\/file\/d\/18R-KBL7Vezi401oJ0LmgOJ1vWcR6021M\/view?usp=share_link\" target=\"_blank\" rel=\"noopener\">Horarios 2do<\/a><\/strong><\/p>\n","protected":false},"excerpt":{"rendered":"<p>DURACI\u00d3N 4 a\u00f1os Carrera de Ciclo Cerrado REQUISITOS DE INGRESO: T\u00edtulo del Nivel Medio o Polimodal. Resoluci\u00f3n Vieja N\u00b0 13259-99 Turno Vespertino Modalidad de Cursada: Presencial Campo Ocupacional: \u2022 Planifica, gestiona, conduce y eval\u00faa procesos de ense\u00f1anza y aprendizaje de la qu\u00edmica en los diferentes niveles educativos\u2022 Dise\u00f1a, construye y optimiza materiales, equipos, instrumentos, sistemas &#8230; <a title=\"Profesorado de Qu\u00edmica\" class=\"read-more\" href=\"https:\/\/isfdyt43-bue.infd.edu.ar\/sitio\/profesorado-de-quimica\/\" aria-label=\"More on Profesorado de Qu\u00edmica\">[+]<\/a><\/p>\n","protected":false},"author":65,"featured_media":0,"parent":0,"menu_order":0,"comment_status":"closed","ping_status":"closed","template":"","meta":[],"acf":[],"_links":{"self":[{"href":"https:\/\/isfdyt43-bue.infd.edu.ar\/sitio\/wp-json\/wp\/v2\/pages\/888"}],"collection":[{"href":"https:\/\/isfdyt43-bue.infd.edu.ar\/sitio\/wp-json\/wp\/v2\/pages"}],"about":[{"href":"https:\/\/isfdyt43-bue.infd.edu.ar\/sitio\/wp-json\/wp\/v2\/types\/page"}],"author":[{"embeddable":true,"href":"https:\/\/isfdyt43-bue.infd.edu.ar\/sitio\/wp-json\/wp\/v2\/users\/65"}],"replies":[{"embeddable":true,"href":"https:\/\/isfdyt43-bue.infd.edu.ar\/sitio\/wp-json\/wp\/v2\/comments?post=888"}],"version-history":[{"count":12,"href":"https:\/\/isfdyt43-bue.infd.edu.ar\/sitio\/wp-json\/wp\/v2\/pages\/888\/revisions"}],"predecessor-version":[{"id":3511,"href":"https:\/\/isfdyt43-bue.infd.edu.ar\/sitio\/wp-json\/wp\/v2\/pages\/888\/revisions\/3511"}],"wp:attachment":[{"href":"https:\/\/isfdyt43-bue.infd.edu.ar\/sitio\/wp-json\/wp\/v2\/media?parent=888"}],"curies":[{"name":"wp","href":"https:\/\/api.w.org\/{rel}","templated":true}]}}