{"id":894,"date":"2018-07-10T12:49:30","date_gmt":"2018-07-10T15:49:30","guid":{"rendered":"https:\/\/isfdyt43-bue.infd.edu.ar\/sitio\/?page_id=894"},"modified":"2026-03-06T20:47:27","modified_gmt":"2026-03-06T23:47:27","slug":"unidades-curriculares-2026","status":"publish","type":"page","link":"https:\/\/isfdyt43-bue.infd.edu.ar\/sitio\/unidades-curriculares-2026\/","title":{"rendered":"Inscripci\u00f3n para Cursar Unidades Curriculares 2026"},"content":{"rendered":"<p style=\"text-align: center;\">\n<h1 style=\"text-align: center;\"><span style=\"font-size: 20pt; color: #339966;\"><strong><span style=\"font-family: helvetica, arial, sans-serif;\">Inscripci\u00f3n para Cursar Unidades Curriculares 2026<\/span><\/strong><\/span><\/h1>\n<h1 style=\"text-align: center;\"><span style=\"font-size: 20pt; color: #ff0000;\"><strong><span style=\"font-family: helvetica, arial, sans-serif;\">La inscripci\u00f3n comienza el 06-03-2026 a las 22:00hs<br \/>\n<\/span><\/strong><\/span><span style=\"font-size: 20pt; color: #ff0000;\"><strong><span style=\"font-family: helvetica, arial, sans-serif;\">y finaliza el 11-03-2026 a las 22Hs.<\/span><\/strong><\/span><\/h1>\n<hr \/>\n<p><strong>Estimados\/as estudiantes<\/strong><\/p>\n<p>Les damos la bienvenida nuevamente e invitamos a realizar la Inscripci\u00f3n para Cursar Unidades Curriculares\/En este Ciclo Lectivo 2026. (Solo para estudiantes de 2\u00b0 a 4\u00b0 a\u00f1o de las carreras docentes y estudiantes de 2\u00b0 y 3\u00b0 de las carreras t\u00e9cnicas).<\/p>\n<p>Estimados estudiantes de nuestro Instituto Superior:<\/p>\n<p>Les informamos que a partir del <strong>Viernes 06 de Marzo<\/strong> se encuentra abierta la inscripci\u00f3n para cursar unidades curriculares (UC) en car\u00e1cter de regular en el Ciclo Lectivo 2026.<\/p>\n<p>Para inscribirse, deber\u00e1n completar el formulario en l\u00ednea y seleccionar una de las siguientes opciones seg\u00fan su situaci\u00f3n acad\u00e9mica, horarios y r\u00e9gimen de correlatividades:<\/p>\n<p>1. <strong>Cursa por primera vez:<\/strong> Cursar\u00e1 la unidad curricular por primera vez.<br \/>\n2. <strong>Recursa:<\/strong> Cursar\u00e1 nuevamente la unidad curricular.<\/p>\n<p><strong>Estudiantes Oyentes:<\/strong><br \/>\nDeber\u00e1n enviar un correo electr\u00f3nico a la casilla de correo de carrera informando al preceptor\/a sobre esta elecci\u00f3n. Los estudiantes oyentes participan en una unidad curricular de su inter\u00e9s para actualizar o profundizar aspectos espec\u00edficos de su formaci\u00f3n, excepto Campo de la Pr\u00e1ctica Docente, Pr\u00e1cticas Profesionalizantes, Talleres, Laboratorios y unidades curriculares eminentemente pr\u00e1cticas.<\/p>\n<p><strong>Acreditaci\u00f3n en Car\u00e1cter de Libre:<\/strong><br \/>\nDeber\u00e1n enviar un correo electr\u00f3nico a la casilla de correo de carrera informando al preceptor\/a sobre esta elecci\u00f3n. Se except\u00faan Campo de la Pr\u00e1ctica Docente, Pr\u00e1cticas Profesionalizantes y unidades curriculares en formato Taller, Ateneo, Laboratorio o Seminario. Para acreditar, deber\u00e1n cumplir con el requisito de correlatividad, prevista en los dise\u00f1os curriculares y\/o en sus modificatorias y podr\u00e1n inscribirse en turnos de ex\u00e1menes finales (Febrero-Marzo, Agosto y\/o Diciembre).<\/p>\n<p><strong>Importante:<\/strong><br \/>\n&#8211; Es OBLIGATORIO completar el formulario, que reviste car\u00e1cter de Declaraci\u00f3n Jurada.<br \/>\n&#8211; Respetar: Normativa vigente, la NO superposici\u00f3n horaria entre unidades curriculares y el r\u00e9gimen de correlatividades.<br \/>\n&#8211; Completar sin falsear ning\u00fan dato, quedando sujetos a penalidades que impactan en la perdida de la unidad curricular o de la unidad curricular acreditada.<\/p>\n<p><strong>Fechas:<\/strong><br \/>\nLos formularios estar\u00e1n habilitados desde el Viernes 06\/03\/2026 a las 22:00 hs hasta el Mi\u00e9rcoles 11\/03\/2026 a las 22:00 hs.<\/p>\n<p><strong>Consultas:<\/strong><br \/>\nAnte cualquier duda, podr\u00e1 acercarse y solicitar m\u00e1s informaci\u00f3n en preceptoria en el horario de funcionamiento de la carrera o enviar un correo electr\u00f3nico a la casilla de correo de cada carrera.<\/p>\n<p>Saludos Atte.<br \/>\nEquipo de Conducci\u00f3n ISFDYT43<\/p>\n<h2 style=\"text-align: center;\"><strong>\u00a0<a href=\"https:\/\/drive.google.com\/drive\/folders\/1dLM4p-U_NGewumwi8AcDzAC9YItQQVD1?usp=sharing\" target=\"_blank\" rel=\"noopener\">&#8212;&#8212;-&gt; LINK PARA SABER LOS HORARIOS DE CARRERAS &lt;&#8212;&#8212;-<\/a><\/strong><\/h2>\n<h2><span style=\"text-decoration: underline; font-size: 12pt; color: #008000;\"><span style=\"text-decoration: underline;\"><strong>Link para inscripciones a Carreras Docentes<\/strong><\/span><\/span><\/h2>\n<ul>\n<li><a href=\"https:\/\/docs.google.com\/forms\/d\/e\/1FAIpQLSfL8yOGcWhqYzeJjInRTMRFCjtOQXxtemBvjFCnw_uuMoG2DA\/viewform?usp=header\" target=\"_blank\" rel=\"noopener\"><span style=\"color: #0000ff; font-size: 10pt;\"><strong><span style=\"text-decoration: underline;\">Profesorado de Educaci\u00f3n F\u00edsica (Res 2432\/09)<\/span> <\/strong><\/span><\/a><\/li>\n<li><a href=\"https:\/\/docs.google.com\/forms\/d\/e\/1FAIpQLSdMWGgpE0FgXvqbKMZYqA_8Wuc-Yt4lbrlX1SpAYHnRT5p4Vg\/viewform?usp=header\" target=\"_blank\" rel=\"noopener\"><span style=\"color: #0000ff; font-size: 10pt;\"><strong><span style=\"text-decoration: underline;\">Profesorado de Ingl\u00e9s (Res 1860\/17)<\/span> <\/strong><\/span><\/a><\/li>\n<li><a href=\"https:\/\/docs.google.com\/forms\/d\/e\/1FAIpQLSdzkS4PYuKWMv0dFo1WQpZgKX8ms-TQQaTQiWNXjAO4gX6YRw\/viewform?usp=header\" target=\"_blank\" rel=\"noopener\"><span style=\"color: #0000ff; font-size: 10pt;\"><strong><span style=\"text-decoration: underline;\">Profesorado de Geograf\u00eda (Res 3608\/22)<\/span> <\/strong><\/span><\/a><\/li>\n<li><span style=\"text-decoration: underline; color: #0000ff;\"><span style=\"text-decoration: underline; color: #0000ff;\"><span style=\"font-size: 10pt;\"><strong><a href=\"https:\/\/docs.google.com\/forms\/d\/e\/1FAIpQLSdc5liacxBeO04EuxOLRG9nhNrs3DQSEOi8ByWOTR-S70NtNw\/viewform?usp=header\" target=\"_blank\" rel=\"noopener\"><span style=\"color: #0000ff; text-decoration: underline;\">Profesorado de Historia (Res 3609\/22)<\/span><\/a><br \/>\n<\/strong><\/span><\/span><\/span><a href=\"https:\/\/docs.google.com\/forms\/d\/e\/1FAIpQLScOvsw2j-o1pCscz-Ol__drn3uALgReNQVxOvA70AXHk0BbCA\/viewform?usp=header\" target=\"_blank\" rel=\"noopener\"><span style=\"text-decoration: underline; color: #0000ff;\"><span style=\"font-size: 10pt;\"><strong>Profesorado de Biolog\u00eda (Res 3605\/22)<\/strong><\/span><\/span><\/a><br \/>\n<span style=\"text-decoration: underline;\"><span style=\"color: #339966; font-size: 10pt; text-decoration: underline;\"><strong><strong><br \/>\n<\/strong><\/strong><\/span><\/span><\/li>\n<\/ul>\n<h2><span style=\"text-decoration: underline; font-size: 12pt; color: #008000;\"><span style=\"text-decoration: underline;\"><strong>Link para inscripciones a Carreras T\u00e9cnicas<\/strong><\/span><\/span><\/h2>\n<ul>\n<li><span style=\"font-size: 10pt;\"><span style=\"font-size: 10pt;\"><span style=\"color: #339966;\"><strong><a href=\"https:\/\/docs.google.com\/forms\/d\/e\/1FAIpQLSf8VAo0tCNJsy1FwNu8Wyt_e7eH7uRWAoQVw3XRU1Jy_rZCqA\/viewform?usp=publish-editor\" target=\"_blank\" rel=\"noopener\"><span style=\"color: #0000ff;\"><span style=\"text-decoration: underline;\">An\u00e1lisis, Desarrollo y Programaci\u00f3n de Aplicaciones<\/span> (Res 6175\/03)<\/span><\/a><br \/>\n<\/strong><\/span><\/span><\/span><\/li>\n<li><span style=\"color: #339966; font-size: 10pt;\"><span style=\"color: #339966; font-size: 10pt;\"><strong><a href=\"https:\/\/docs.google.com\/forms\/d\/e\/1FAIpQLSd2L0OJ98j182XDqcEJ1A84nty84YuhaSjK3wjtrk6tf53v3Q\/viewform?usp=publish-editor\" target=\"_blank\" rel=\"noopener\"><span style=\"color: #0000ff;\"><span style=\"text-decoration: underline;\">Tecnicatura Superior en Salud con Esp. en An\u00e1lisis Cl\u00ednicos<\/span> &#8211; (Res 205\/18)<\/span><\/a><\/strong><\/span><\/span><span style=\"color: #339966; font-size: 10pt;\"><span style=\"color: #339966; font-size: 10pt;\"><strong><span style=\"font-size: 10pt;\"><span style=\"color: #339966;\"><br \/>\n<\/span><\/span><\/strong><\/span><\/span><\/li>\n<li><span style=\"color: #0000ff;\"><span style=\"font-size: 10pt;\"><span style=\"font-size: 10pt;\"><span style=\"font-size: 10pt;\"><strong><a href=\"https:\/\/docs.google.com\/forms\/d\/e\/1FAIpQLSc8IZpOFqP-HHs4OZwAfw52q9JataXJgg84XmPLo12I4gFh6w\/viewform?usp=header\" target=\"_blank\" rel=\"noopener\"><span style=\"color: #0000ff;\"><span style=\"text-decoration: underline;\">Tecnicatura en Servicios Gastron\u00f3micos<\/span> (Res 3753\/11)<\/span><\/a><br \/>\n<\/strong><\/span><\/span><\/span><\/span><span style=\"color: #339966;\"><span style=\"color: #339966;\"><strong><span style=\"font-size: 10pt;\"><a href=\"https:\/\/docs.google.com\/forms\/d\/e\/1FAIpQLSfGUu-iOlBKWRelEcWuotUDq-M7IG1ESbQVRnTE1nWsTxfUug\/viewform?usp=header\" target=\"_blank\" rel=\"noopener\"><span style=\"color: #0000ff;\"><span style=\"text-decoration: underline;\">Tecnicatura en Acompa\u00f1ante Terap\u00e9utico<\/span> (Res 1221\/15)<\/span><\/a><br \/>\n<\/span><\/strong><\/span><\/span><\/li>\n<\/ul>\n","protected":false},"excerpt":{"rendered":"<p>Inscripci\u00f3n para Cursar Unidades Curriculares 2026 La inscripci\u00f3n comienza el 06-03-2026 a las 22:00hs y finaliza el 11-03-2026 a las 22Hs. Estimados\/as estudiantes Les damos la bienvenida nuevamente e invitamos a realizar la Inscripci\u00f3n para Cursar Unidades Curriculares\/En este Ciclo Lectivo 2026. (Solo para estudiantes de 2\u00b0 a 4\u00b0 a\u00f1o de las carreras docentes y &#8230; <a title=\"Inscripci\u00f3n para Cursar Unidades Curriculares 2026\" class=\"read-more\" href=\"https:\/\/isfdyt43-bue.infd.edu.ar\/sitio\/unidades-curriculares-2026\/\" aria-label=\"More on Inscripci\u00f3n para Cursar Unidades Curriculares 2026\">[+]<\/a><\/p>\n","protected":false},"author":65,"featured_media":0,"parent":0,"menu_order":0,"comment_status":"closed","ping_status":"closed","template":"","meta":[],"acf":[],"_links":{"self":[{"href":"https:\/\/isfdyt43-bue.infd.edu.ar\/sitio\/wp-json\/wp\/v2\/pages\/894"}],"collection":[{"href":"https:\/\/isfdyt43-bue.infd.edu.ar\/sitio\/wp-json\/wp\/v2\/pages"}],"about":[{"href":"https:\/\/isfdyt43-bue.infd.edu.ar\/sitio\/wp-json\/wp\/v2\/types\/page"}],"author":[{"embeddable":true,"href":"https:\/\/isfdyt43-bue.infd.edu.ar\/sitio\/wp-json\/wp\/v2\/users\/65"}],"replies":[{"embeddable":true,"href":"https:\/\/isfdyt43-bue.infd.edu.ar\/sitio\/wp-json\/wp\/v2\/comments?post=894"}],"version-history":[{"count":157,"href":"https:\/\/isfdyt43-bue.infd.edu.ar\/sitio\/wp-json\/wp\/v2\/pages\/894\/revisions"}],"predecessor-version":[{"id":4687,"href":"https:\/\/isfdyt43-bue.infd.edu.ar\/sitio\/wp-json\/wp\/v2\/pages\/894\/revisions\/4687"}],"wp:attachment":[{"href":"https:\/\/isfdyt43-bue.infd.edu.ar\/sitio\/wp-json\/wp\/v2\/media?parent=894"}],"curies":[{"name":"wp","href":"https:\/\/api.w.org\/{rel}","templated":true}]}}